{"id":290,"date":"2023-09-27T22:56:32","date_gmt":"2023-09-27T20:56:32","guid":{"rendered":"https:\/\/ok100.cz\/?page_id=290"},"modified":"2024-07-06T14:06:15","modified_gmt":"2024-07-06T12:06:15","slug":"homapeg-rijen-2023","status":"publish","type":"page","link":"https:\/\/ok100.cz\/","title":{"rendered":"Homapage-rijen-2023"},"content":{"rendered":"<p>[et_pb_section fb_built=&#8221;1&#8243; _builder_version=&#8221;4.22.1&#8243; _module_preset=&#8221;default&#8221; background_color=&#8221;#FFFFFF&#8221; background_image=&#8221;http:\/\/ok100.cz\/wp-content\/uploads\/2023\/09\/Facebook-Hlavicka.jpg&#8221; background_position=&#8221;top_center&#8221; background_enable_video_mp4=&#8221;off&#8221; min_height=&#8221;550px&#8221; custom_padding=&#8221;130px||290px|||&#8221; animation_direction=&#8221;top&#8221; global_colors_info=&#8221;{}&#8221;][et_pb_row _builder_version=&#8221;4.22.1&#8243; _module_preset=&#8221;default&#8221; global_colors_info=&#8221;{}&#8221;][et_pb_column type=&#8221;4_4&#8243; _builder_version=&#8221;4.22.1&#8243; _module_preset=&#8221;default&#8221; global_colors_info=&#8221;{}&#8221;][\/et_pb_column][\/et_pb_row][\/et_pb_section][et_pb_section fb_built=&#8221;1&#8243; _builder_version=&#8221;4.22.1&#8243; _module_preset=&#8221;default&#8221; background_color=&#8221;#efefef&#8221; custom_padding=&#8221;35px||35px|||&#8221; global_colors_info=&#8221;{}&#8221;][et_pb_row _builder_version=&#8221;4.22.1&#8243; _module_preset=&#8221;default&#8221; global_colors_info=&#8221;{}&#8221;][et_pb_column type=&#8221;4_4&#8243; _builder_version=&#8221;4.22.1&#8243; _module_preset=&#8221;default&#8221; global_colors_info=&#8221;{}&#8221;][et_pb_text _builder_version=&#8221;4.22.1&#8243; _module_preset=&#8221;default&#8221; text_font=&#8221;||on||||||&#8221; text_font_size=&#8221;17px&#8221; text_orientation=&#8221;center&#8221; global_colors_info=&#8221;{}&#8221;]<\/p>\n<p>Projekt OK100 vznikl jako forma oslavy pr\u00e1ce t\u011bch, kte\u0159\u00ed zna\u010dku \u010cSA po des\u00edtky let poctiv\u011b budovali. P\u0159esto\u017ee sou\u010dasn\u00e1 situace ve kter\u00e9 se spole\u010dnost nach\u00e1z\u00ed, ned\u011bl\u00e1 nikomu z t\u011bch, kte\u0159\u00ed se na p\u0159\u00edprav\u011b pod\u00edleli radost, v\u011b\u0159\u00edme, \u017ee ti, kte\u0159\u00ed zde byli p\u0159ed n\u00e1mi, si zaslou\u017e\u00ed d\u016fstojn\u00e9 p\u0159ipomenut\u00ed toho, co budovali. Celou vzpom\u00ednku p\u0159ipravili v\u00fdhradn\u011b b\u00fdval\u00ed zam\u011bstnanci, jejich rodinn\u00ed p\u0159\u00edslu\u0161n\u00edci a p\u0159\u00edznivci \u010cSA, jako pod\u011bkov\u00e1n\u00ed za to, jak \u010cSA ovlivnily jejich osudy.<\/p>\n<p>[\/et_pb_text][\/et_pb_column][\/et_pb_row][\/et_pb_section][et_pb_section fb_built=&#8221;1&#8243; _builder_version=&#8221;4.22.1&#8243; _module_preset=&#8221;default&#8221; custom_padding=&#8221;30px||30px|||&#8221; global_colors_info=&#8221;{}&#8221;][et_pb_row _builder_version=&#8221;4.22.1&#8243; _module_preset=&#8221;default&#8221; global_colors_info=&#8221;{}&#8221;][et_pb_column type=&#8221;4_4&#8243; _builder_version=&#8221;4.22.1&#8243; _module_preset=&#8221;default&#8221; global_colors_info=&#8221;{}&#8221;][et_pb_image src=&#8221;http:\/\/ok100.cz\/wp-content\/uploads\/2023\/09\/KNIHA-1-bila.jpg&#8221; title_text=&#8221;KNIHA-1-bila&#8221; force_fullwidth=&#8221;on&#8221; _builder_version=&#8221;4.22.1&#8243; _module_preset=&#8221;default&#8221; module_alignment=&#8221;center&#8221; global_colors_info=&#8221;{}&#8221;][\/et_pb_image][\/et_pb_column][\/et_pb_row][et_pb_row column_structure=&#8221;1_4,1_2,1_4&#8243; _builder_version=&#8221;4.22.1&#8243; _module_preset=&#8221;default&#8221; custom_padding=&#8221;21px||17px|||&#8221; global_colors_info=&#8221;{}&#8221;][et_pb_column type=&#8221;1_4&#8243; _builder_version=&#8221;4.22.1&#8243; _module_preset=&#8221;default&#8221; global_colors_info=&#8221;{}&#8221;][\/et_pb_column][et_pb_column type=&#8221;1_2&#8243; _builder_version=&#8221;4.22.1&#8243; _module_preset=&#8221;default&#8221; global_colors_info=&#8221;{}&#8221;][et_pb_text _builder_version=&#8221;4.22.1&#8243; _module_preset=&#8221;default&#8221; text_font=&#8221;|700||on|||||&#8221; text_text_color=&#8221;#000000&#8243; text_font_size=&#8221;30px&#8221; text_line_height=&#8221;1.4em&#8221; text_orientation=&#8221;center&#8221; global_colors_info=&#8221;{}&#8221;]<\/p>\n<p>M\u00f3da na palub\u00e1ch \u010ceskoslovensk\u00fdch Aerolini\u00ed<\/p>\n<p>[\/et_pb_text][\/et_pb_column][et_pb_column type=&#8221;1_4&#8243; _builder_version=&#8221;4.22.1&#8243; _module_preset=&#8221;default&#8221; global_colors_info=&#8221;{}&#8221;][\/et_pb_column][\/et_pb_row][et_pb_row column_structure=&#8221;3_5,2_5&#8243; _builder_version=&#8221;4.22.1&#8243; _module_preset=&#8221;default&#8221; global_colors_info=&#8221;{}&#8221;][et_pb_column type=&#8221;3_5&#8243; _builder_version=&#8221;4.22.1&#8243; _module_preset=&#8221;default&#8221; global_colors_info=&#8221;{}&#8221;][et_pb_image src=&#8221;http:\/\/ok100.cz\/wp-content\/uploads\/2023\/09\/DSC0039-kniha-avgeek-5.jpg&#8221; title_text=&#8221;_DSC0039-kniha-avgeek-5&#8243; _builder_version=&#8221;4.22.1&#8243; _module_preset=&#8221;default&#8221; global_colors_info=&#8221;{}&#8221;][\/et_pb_image][\/et_pb_column][et_pb_column type=&#8221;2_5&#8243; _builder_version=&#8221;4.22.1&#8243; _module_preset=&#8221;default&#8221; global_colors_info=&#8221;{}&#8221;][et_pb_text _builder_version=&#8221;4.22.1&#8243; _module_preset=&#8221;default&#8221; text_text_color=&#8221;#000000&#8243; global_colors_info=&#8221;{}&#8221;]<\/p>\n<p>Tato kniha mapuje stoletou historii \u010cSA formou m\u00f3dy (nejen) na palub\u00e1ch letadel, ale p\u0159in\u00e1\u0161\u00ed tak\u00e9 n\u00e1hl\u00e9dnut\u00ed do p\u0159\u00edb\u011bh\u016f lid\u00ed, kte\u0159\u00ed v n\u00ed pro\u017eili d\u016fle\u017eit\u00e9 momenty sv\u00fdch \u017eivot\u016f.<\/p>\n<p>V\u0161echny uniformy p\u0159edv\u00e1d\u00ed p\u0159\u00edmo nejen b\u00fdval\u00e9 zam\u011bstnankyn\u011b, ale tak\u00e9 jejich dcery a vnu\u010dky, kter\u00e9 se narodily jen d\u00edky tomu, \u017ee se jejich p\u0159edci sezn\u00e1mili ve slu\u017eb\u00e1ch \u010cSA.<\/p>\n<p>Publikace ukazuje nejen m\u00f3dn\u00ed trendy tak, jak se projevovaly a m\u011bnily v pr\u016fb\u011bhu doby, ale tak\u00e9 to, \u017ee za ka\u017edou uniformou jsou lidsk\u00e9 p\u0159\u00edb\u011bhy a osudy t\u011bch, kter\u00e9 je nosily.<\/p>\n<p>Ka\u017ed\u00e1 kapitola obsahuje tak\u00e9 informace o historick\u00e9m v\u00fdvoji spole\u010dnosti, uk\u00e1zky z dobov\u00fdch propaga\u010dn\u00edch materi\u00e1l\u016f a letov\u00fdch \u0159\u00e1d\u016f.\u00a0<\/p>\n<p>[\/et_pb_text][et_pb_button button_url=&#8221;https:\/\/avgeek.cz\/kniha-moda-na-palubach&#8221; url_new_window=&#8221;on&#8221; button_text=&#8221;ZAKOUPIT KNIHU&#8221; button_alignment=&#8221;center&#8221; _builder_version=&#8221;4.22.1&#8243; _module_preset=&#8221;default&#8221; custom_button=&#8221;on&#8221; button_text_size=&#8221;20px&#8221; button_text_color=&#8221;#FFFFFF&#8221; button_bg_color=&#8221;#E02B20&#8243; button_border_width=&#8221;0px&#8221; button_border_color=&#8221;RGBA(255,255,255,0)&#8221; button_border_radius=&#8221;10px&#8221; button_font=&#8221;|800||on|||||&#8221; button_use_icon=&#8221;off&#8221; custom_margin=&#8221;|||0px|false|false&#8221; custom_padding=&#8221;|100px||100px|false|true&#8221; global_colors_info=&#8221;{}&#8221;][\/et_pb_button][\/et_pb_column][\/et_pb_row][et_pb_row column_structure=&#8221;1_5,3_5,1_5&#8243; _builder_version=&#8221;4.22.1&#8243; _module_preset=&#8221;default&#8221; custom_padding=&#8221;||13px|||&#8221; global_colors_info=&#8221;{}&#8221;][et_pb_column type=&#8221;1_5&#8243; _builder_version=&#8221;4.22.1&#8243; _module_preset=&#8221;default&#8221; global_colors_info=&#8221;{}&#8221;][\/et_pb_column][et_pb_column type=&#8221;3_5&#8243; _builder_version=&#8221;4.22.1&#8243; _module_preset=&#8221;default&#8221; global_colors_info=&#8221;{}&#8221;][et_pb_divider color=&#8221;rgba(10,10,10,0.49)&#8221; _builder_version=&#8221;4.22.1&#8243; _module_preset=&#8221;default&#8221; custom_margin=&#8221;||6px|||&#8221; global_colors_info=&#8221;{}&#8221;][\/et_pb_divider][et_pb_image src=&#8221;http:\/\/ok100.cz\/wp-content\/uploads\/2024\/03\/Kanzelesberger-logo.jpeg&#8221; title_text=&#8221;Kanzelesberger-logo&#8221; url=&#8221;https:\/\/www.kanzelsberger.cz\/v\/1743058\/moda-na-palubach-ceskoslovenskych-aerolinii&#8221; url_new_window=&#8221;on&#8221; _builder_version=&#8221;4.22.1&#8243; _module_preset=&#8221;default&#8221; global_colors_info=&#8221;{}&#8221;][\/et_pb_image][et_pb_button button_url=&#8221;https:\/\/www.kanzelsberger.cz\/v\/1743058\/moda-na-palubach-ceskoslovenskych-aerolinii&#8221; url_new_window=&#8221;on&#8221; button_text=&#8221;ZAKOUPIT KNIHU V KNIHKUPECTV\u00cd&#8221; button_alignment=&#8221;center&#8221; _builder_version=&#8221;4.22.1&#8243; _module_preset=&#8221;default&#8221; custom_button=&#8221;on&#8221; button_text_size=&#8221;20px&#8221; button_text_color=&#8221;#FFFFFF&#8221; button_bg_color=&#8221;#E02B20&#8243; button_border_width=&#8221;0px&#8221; button_border_color=&#8221;RGBA(255,255,255,0)&#8221; button_border_radius=&#8221;10px&#8221; button_font=&#8221;|800||on|||||&#8221; button_use_icon=&#8221;off&#8221; custom_margin=&#8221;|||0px|false|false&#8221; custom_padding=&#8221;|100px||100px|false|true&#8221; custom_padding_tablet=&#8221;|100px||100px|false|true&#8221; custom_padding_phone=&#8221;|0px||0px|false|true&#8221; custom_padding_last_edited=&#8221;on|phone&#8221; global_colors_info=&#8221;{}&#8221;][\/et_pb_button][et_pb_text _builder_version=&#8221;4.22.1&#8243; _module_preset=&#8221;default&#8221; text_text_color=&#8221;#000000&#8243; global_colors_info=&#8221;{}&#8221;]<\/p>\n<p>M\u00e1te knihkupectv\u00ed nebo obchod a <strong>chcete na\u0161\u00ed knihu prod\u00e1vat?<\/strong> Kontaktujte n\u00e1s na e-mailu: ok100@ok100.cz<\/p>\n<p>[\/et_pb_text][et_pb_divider color=&#8221;rgba(10,10,10,0.49)&#8221; disabled_on=&#8221;off|off|off&#8221; _builder_version=&#8221;4.22.1&#8243; _module_preset=&#8221;default&#8221; custom_padding=&#8221;17px|||||&#8221; global_colors_info=&#8221;{}&#8221;][\/et_pb_divider][\/et_pb_column][et_pb_column type=&#8221;1_5&#8243; _builder_version=&#8221;4.22.1&#8243; _module_preset=&#8221;default&#8221; global_colors_info=&#8221;{}&#8221;][\/et_pb_column][\/et_pb_row][et_pb_row disabled_on=&#8221;on|off|off&#8221; _builder_version=&#8221;4.22.1&#8243; _module_preset=&#8221;default&#8221; custom_padding=&#8221;21px||17px|||&#8221; global_colors_info=&#8221;{}&#8221;][et_pb_column type=&#8221;4_4&#8243; _builder_version=&#8221;4.22.1&#8243; _module_preset=&#8221;default&#8221; global_colors_info=&#8221;{}&#8221;][et_pb_text _builder_version=&#8221;4.22.1&#8243; _module_preset=&#8221;default&#8221; text_font=&#8221;|700||on|||||&#8221; text_text_color=&#8221;#000000&#8243; text_font_size=&#8221;30px&#8221; text_line_height=&#8221;1.4em&#8221; text_orientation=&#8221;center&#8221; text_font_size_tablet=&#8221;30px&#8221; text_font_size_phone=&#8221;20px&#8221; text_font_size_last_edited=&#8221;on|phone&#8221; global_colors_info=&#8221;{}&#8221;]<\/p>\n<p>LIMITOVAN\u00c1 EDICE OK100<br \/>KNIHA + KALEND\u00c1\u0158 + KL\u00cd\u010cENKA (VYPROD\u00c1NO)<\/p>\n<p>[\/et_pb_text][\/et_pb_column][\/et_pb_row][et_pb_row column_structure=&#8221;2_5,3_5&#8243; disabled_on=&#8221;on|off|off&#8221; _builder_version=&#8221;4.22.1&#8243; _module_preset=&#8221;default&#8221; global_colors_info=&#8221;{}&#8221;][et_pb_column type=&#8221;2_5&#8243; _builder_version=&#8221;4.22.1&#8243; _module_preset=&#8221;default&#8221; global_colors_info=&#8221;{}&#8221;][et_pb_text _builder_version=&#8221;4.22.1&#8243; _module_preset=&#8221;default&#8221; text_text_color=&#8221;#000000&#8243; global_colors_info=&#8221;{}&#8221;]<\/p>\n<p><span>Pro nejv\u011bt\u0161\u00ed fanou\u0161ky jsme p\u0159ipravili zv\u00fdhodn\u011bn\u00fd set, kter\u00fd se skl\u00e1d\u00e1 z knihy M\u00f3da na palub\u00e1ch, kalend\u00e1\u0159e a kl\u00ed\u010denky Czechoslovak Airlines\/OK100.<\/span><\/p>\n<p><span>N\u00e1st\u011bn\u00fd kalend\u00e1\u0159 form\u00e1tu A3 obsahuje 16 list\u016f (\u0158\u00cdJEN 2023 \u2013 LEDEN 2025), kter\u00e9 prezentuj\u00ed historii m\u00f3dy letov\u00e9ho a pozemn\u00edho person\u00e1lu n\u00e1rodn\u00edho dopravce. Fotografie v kalend\u00e1\u0159i se neobjevily v jin\u00fdch produktech projektu. Kalend\u00e1\u0159 je dopln\u011bn o d\u016fle\u017eit\u00e9 miln\u00edky z historie \u010cSA. Budete si tak moci p\u0159ipomenout, kdy do flotily p\u0159ib\u00fdvaly nov\u00e9 typy letadel nebo kdy se za\u010daly l\u00e9tat zaj\u00edmav\u00e9 destinace.<\/span><\/p>\n<p><span>Na text<\/span>iln\u00ed kl\u00ed\u010dence Czechoslovak Airlines najdete z jedn\u00e9 strany dobov\u00fdm fontem vyobrazeno star\u00e9 logo \u010cSA. Z druh\u00e9 strany pak naleznete logo OK100.<\/p>\n<p>Po\u010det kus\u016f tohoto setu je omezen a bude dostupn\u00fd pouze do vyprod\u00e1n\u00ed z\u00e1sob.<\/p>\n<p><span><\/span><\/p>\n<p>[\/et_pb_text][et_pb_button button_url=&#8221;https:\/\/avgeek.cz\/edice-ok100\/&#8221; url_new_window=&#8221;on&#8221; button_text=&#8221;ZAKOUPIT Limitovanou edici&#8221; button_alignment=&#8221;center&#8221; _builder_version=&#8221;4.22.1&#8243; _module_preset=&#8221;default&#8221; custom_button=&#8221;on&#8221; button_text_size=&#8221;20px&#8221; button_text_color=&#8221;#FFFFFF&#8221; button_bg_color=&#8221;#E02B20&#8243; button_border_width=&#8221;0px&#8221; button_border_color=&#8221;RGBA(255,255,255,0)&#8221; button_border_radius=&#8221;10px&#8221; button_font=&#8221;|800||on|||||&#8221; button_use_icon=&#8221;off&#8221; custom_margin=&#8221;|||0px|false|false&#8221; custom_padding=&#8221;|40px||40px|false|true&#8221; global_colors_info=&#8221;{}&#8221;][\/et_pb_button][\/et_pb_column][et_pb_column type=&#8221;3_5&#8243; _builder_version=&#8221;4.22.1&#8243; _module_preset=&#8221;default&#8221; global_colors_info=&#8221;{}&#8221;][et_pb_image src=&#8221;http:\/\/ok100.cz\/wp-content\/uploads\/2024\/03\/SET-LIMIT-VYPRODANO-2.jpg&#8221; title_text=&#8221;SET-LIMIT-VYPRODANO-2&#8243; disabled_on=&#8221;on|on|off&#8221; _builder_version=&#8221;4.22.1&#8243; _module_preset=&#8221;default&#8221; border_radii=&#8221;on|20px|20px|20px|20px&#8221; global_colors_info=&#8221;{}&#8221;][\/et_pb_image][\/et_pb_column][\/et_pb_row][\/et_pb_section][et_pb_section fb_built=&#8221;1&#8243; _builder_version=&#8221;4.22.1&#8243; _module_preset=&#8221;default&#8221; background_image=&#8221;http:\/\/ok100.cz\/wp-content\/uploads\/2023\/09\/DSC0189.jpg&#8221; parallax=&#8221;on&#8221; custom_padding=&#8221;250px||140px|||&#8221; global_colors_info=&#8221;{}&#8221;][et_pb_row _builder_version=&#8221;4.22.1&#8243; _module_preset=&#8221;default&#8221; global_colors_info=&#8221;{}&#8221;][et_pb_column type=&#8221;4_4&#8243; _builder_version=&#8221;4.22.1&#8243; _module_preset=&#8221;default&#8221; global_colors_info=&#8221;{}&#8221;][et_pb_number_counter title=&#8221;PO\u010cET STRAN&#8221; number=&#8221;328&#8243; percent_sign=&#8221;off&#8221; _builder_version=&#8221;4.22.1&#8243; _module_preset=&#8221;default&#8221; title_font=&#8221;|800|||||||&#8221; title_text_color=&#8221;#FFFFFF&#8221; title_font_size=&#8221;30px&#8221; title_line_height=&#8221;2.5em&#8221; number_font=&#8221;|700|||||||&#8221; number_text_align=&#8221;center&#8221; number_text_color=&#8221;#FFFFFF&#8221; number_font_size=&#8221;250px&#8221; number_line_height=&#8221;1px&#8221; number_font_size_tablet=&#8221;250px&#8221; number_font_size_phone=&#8221;130px&#8221; number_font_size_last_edited=&#8221;on|phone&#8221; title_text_shadow_style=&#8221;preset3&#8243; number_text_shadow_style=&#8221;preset3&#8243; text_shadow_style=&#8221;preset1&#8243; global_colors_info=&#8221;{}&#8221;][\/et_pb_number_counter][\/et_pb_column][\/et_pb_row][\/et_pb_section][et_pb_section fb_built=&#8221;1&#8243; _builder_version=&#8221;4.22.1&#8243; _module_preset=&#8221;default&#8221; background_color=&#8221;#424242&#8243; background_enable_video_mp4=&#8221;off&#8221; global_colors_info=&#8221;{}&#8221;][et_pb_row column_structure=&#8221;2_5,3_5&#8243; _builder_version=&#8221;4.22.1&#8243; _module_preset=&#8221;default&#8221; global_colors_info=&#8221;{}&#8221;][et_pb_column type=&#8221;2_5&#8243; _builder_version=&#8221;4.22.1&#8243; _module_preset=&#8221;default&#8221; global_colors_info=&#8221;{}&#8221;][et_pb_text _builder_version=&#8221;4.22.1&#8243; _module_preset=&#8221;default&#8221; text_font=&#8221;|700||on|||||&#8221; text_text_color=&#8221;#FFFFFF&#8221; text_font_size=&#8221;25px&#8221; text_line_height=&#8221;1.4em&#8221; animation_direction=&#8221;left&#8221; global_colors_info=&#8221;{}&#8221;]<\/p>\n<p>V\u00ddSTAVA UNIFOREM V BUDOV\u011a \u0158\u00cdZEN\u00cd LETOV\u00c9HO PROVOZU<\/p>\n<p>[\/et_pb_text][et_pb_text _builder_version=&#8221;4.22.1&#8243; _module_preset=&#8221;default&#8221; text_font=&#8221;|800||on|||||&#8221; text_text_color=&#8221;#FFFFFF&#8221; text_font_size=&#8221;21px&#8221; text_line_height=&#8221;1.4em&#8221; background_color=&#8221;#E02B20&#8243; text_orientation=&#8221;center&#8221; custom_padding=&#8221;7px||7px||true|false&#8221; animation_direction=&#8221;left&#8221; border_radii=&#8221;on|10px|10px|10px|10px&#8221; global_colors_info=&#8221;{}&#8221;]<\/p>\n<p>v\u00fdstava ukon\u010dena<\/p>\n<p>[\/et_pb_text][et_pb_text _builder_version=&#8221;4.22.1&#8243; _module_preset=&#8221;default&#8221; text_text_color=&#8221;#FFFFFF&#8221; animation_direction=&#8221;left&#8221; global_colors_info=&#8221;{}&#8221;]<\/p>\n<p>Expon\u00e1ty p\u0159ipom\u00ednaj\u00edc\u00ed historii \u010cSA jsou od \u00fanora 2024 k vid\u011bn\u00ed v budov\u011b \u0158\u00edzen\u00ed letov\u00e9ho provozu v Jen\u010di u Prahy. Tyto prostory jsou neve\u0159ejn\u00e9 a nelze je bez p\u0159edchoz\u00ed domluvy nav\u0161t\u00edvit.\u00a0<\/p>\n<p>Kdy a kde bude v\u00fdstava op\u011bt dostupn\u00e1 ve\u0159ejn\u011b zat\u00edm nen\u00ed stanoveno.<\/p>\n<p>[\/et_pb_text][\/et_pb_column][et_pb_column type=&#8221;3_5&#8243; _builder_version=&#8221;4.22.1&#8243; _module_preset=&#8221;default&#8221; global_colors_info=&#8221;{}&#8221;][et_pb_image src=&#8221;http:\/\/ok100.cz\/wp-content\/uploads\/2024\/02\/Vystava-Uniforem-RLP-1.jpeg&#8221; title_text=&#8221;Vystava-Uniforem-RLP-1&#8243; _builder_version=&#8221;4.22.1&#8243; _module_preset=&#8221;default&#8221; filter_saturate=&#8221;0%&#8221; hover_enabled=&#8221;0&#8243; border_radii=&#8221;on|25px|25px|25px|25px&#8221; global_colors_info=&#8221;{}&#8221; filter_contrast=&#8221;75%&#8221; sticky_enabled=&#8221;0&#8243;][\/et_pb_image][\/et_pb_column][\/et_pb_row][et_pb_row disabled_on=&#8221;off|off|off&#8221; _builder_version=&#8221;4.22.1&#8243; _module_preset=&#8221;default&#8221; filter_saturate=&#8221;0%&#8221; hover_enabled=&#8221;0&#8243; global_colors_info=&#8221;{}&#8221; filter_contrast=&#8221;75%&#8221; sticky_enabled=&#8221;0&#8243;][et_pb_column type=&#8221;4_4&#8243; _builder_version=&#8221;4.22.1&#8243; _module_preset=&#8221;default&#8221; global_colors_info=&#8221;{}&#8221;][et_pb_gallery gallery_ids=&#8221;682,680,673,672&#8243; show_title_and_caption=&#8221;off&#8221; show_pagination=&#8221;off&#8221; zoom_icon_color=&#8221;RGBA(255,255,255,0)&#8221; hover_overlay_color=&#8221;RGBA(255,255,255,0)&#8221; _builder_version=&#8221;4.22.1&#8243; _module_preset=&#8221;default&#8221; border_radii=&#8221;on|20px|20px|20px|20px&#8221; global_colors_info=&#8221;{}&#8221;][\/et_pb_gallery][et_pb_divider color=&#8221;rgba(255,255,255,0.5)&#8221; _builder_version=&#8221;4.22.1&#8243; _module_preset=&#8221;default&#8221; global_colors_info=&#8221;{}&#8221;][\/et_pb_divider][\/et_pb_column][\/et_pb_row][et_pb_row column_structure=&#8221;3_5,2_5&#8243; disabled_on=&#8221;on|on|on&#8221; _builder_version=&#8221;4.22.1&#8243; _module_preset=&#8221;default&#8221; disabled=&#8221;on&#8221; global_colors_info=&#8221;{}&#8221;][et_pb_column type=&#8221;3_5&#8243; _builder_version=&#8221;4.22.1&#8243; _module_preset=&#8221;default&#8221; global_colors_info=&#8221;{}&#8221;][et_pb_text _builder_version=&#8221;4.22.1&#8243; _module_preset=&#8221;default&#8221; text_text_color=&#8221;#FFFFFF&#8221; animation_direction=&#8221;left&#8221; global_colors_info=&#8221;{}&#8221;]<\/p>\n<p>N\u011bkter\u00e9 uniformy budou z technick\u00fdch d\u016fvod\u016f na v\u00fdstav\u011b dostupn\u00e9 jen v ur\u010dit\u00e9 dny. Tak\u00e9 je mo\u017en\u00e9, \u017ee budeme v prostro\u00e1ch nat\u00e1\u010det nebo po\u0159\u00e1dat doprovodn\u00e9 akce. Pokud tedy chcete vid\u011bt co nejv\u00edce, tak si n\u00e1v\u0161t\u011bvu napl\u00e1nujte podle datum\u016f n\u00ed\u017ee.<strong><\/strong><\/p>\n<p>[\/et_pb_text][et_pb_text _builder_version=&#8221;4.22.1&#8243; _module_preset=&#8221;default&#8221; text_font=&#8221;|700|||||||&#8221; text_text_color=&#8221;#FFFFFF&#8221; text_font_size=&#8221;24px&#8221; animation_direction=&#8221;left&#8221; global_colors_info=&#8221;{}&#8221;]<\/p>\n<p>KDY SE P\u0158IJ\u00cdT POD\u00cdVAT NA UNIFORMU Z ROKU 1959?<\/p>\n<p>[\/et_pb_text][et_pb_text _builder_version=&#8221;4.22.1&#8243; _module_preset=&#8221;default&#8221; text_text_color=&#8221;#FFFFFF&#8221; text_font_size=&#8221;20px&#8221; animation_direction=&#8221;left&#8221; global_colors_info=&#8221;{}&#8221;]<\/p>\n<p>Dal\u0161\u00ed term\u00edny zat\u00edm nejsou napl\u00e1novan\u00e9.<\/p>\n<p>[\/et_pb_text][et_pb_text _builder_version=&#8221;4.22.1&#8243; _module_preset=&#8221;default&#8221; text_text_color=&#8221;#FFFFFF&#8221; animation_direction=&#8221;left&#8221; global_colors_info=&#8221;{}&#8221;]<\/p>\n<p>&nbsp;<\/p>\n<p>Dal\u0161\u00ed term\u00edny budeme postupn\u011b p\u0159id\u00e1vat. P\u0159ed n\u00e1v\u0161t\u011bvou si pros\u00edm tyto term\u00edny zde zkontrolujte. M\u016f\u017ee doj\u00edt ke zm\u011bn\u011b na posledn\u00ed chv\u00edli.<\/p>\n<p>Pros\u00edme dbejte zv\u00fd\u0161en\u00e9 opatrnosti v prostor\u00e1ch hotelu a respektujte ubytovan\u00e9 hosty. V p\u0159\u00edpad\u011b, \u017ee zaregistrujete po\u0161kozov\u00e1n\u00ed expon\u00e1t\u016f, tak okam\u017eit\u011b informujte zam\u011bstnance hotelu. D\u011bkujeme, \u017ee n\u00e1m pom\u00e1h\u00e1te.<\/p>\n<p>[\/et_pb_text][\/et_pb_column][et_pb_column type=&#8221;2_5&#8243; _builder_version=&#8221;4.22.1&#8243; _module_preset=&#8221;default&#8221; global_colors_info=&#8221;{}&#8221;][et_pb_image src=&#8221;http:\/\/ok100.cz\/wp-content\/uploads\/2023\/10\/2959-DSC01516-3-1959.jpg&#8221; title_text=&#8221;2959-DSC01516-3-1959&#8243; _builder_version=&#8221;4.22.1&#8243; _module_preset=&#8221;default&#8221; border_radii=&#8221;on|25px|25px|25px|25px&#8221; global_colors_info=&#8221;{}&#8221;][\/et_pb_image][\/et_pb_column][\/et_pb_row][et_pb_row column_structure=&#8221;1_3,2_3&#8243; disabled_on=&#8221;on|on|on&#8221; _builder_version=&#8221;4.22.1&#8243; _module_preset=&#8221;default&#8221; disabled=&#8221;on&#8221; global_colors_info=&#8221;{}&#8221;][et_pb_column type=&#8221;1_3&#8243; _builder_version=&#8221;4.22.1&#8243; _module_preset=&#8221;default&#8221; global_colors_info=&#8221;{}&#8221;][et_pb_image src=&#8221;http:\/\/ok100.cz\/wp-content\/uploads\/2023\/10\/1690202682-DSC9525-scaled.webp&#8221; title_text=&#8221;1690202682-DSC9525&#8243; url=&#8221;http:\/\/ok100.cz\/wp-content\/uploads\/2023\/10\/VOUCHER-RESTAURACE-HOTEL-COURTYARD-15.pdf&#8221; url_new_window=&#8221;on&#8221; _builder_version=&#8221;4.22.1&#8243; _module_preset=&#8221;default&#8221; border_radii=&#8221;on|25px|25px|25px|25px&#8221; global_colors_info=&#8221;{}&#8221;][\/et_pb_image][\/et_pb_column][et_pb_column type=&#8221;2_3&#8243; _builder_version=&#8221;4.22.1&#8243; _module_preset=&#8221;default&#8221; global_colors_info=&#8221;{}&#8221;][et_pb_text _builder_version=&#8221;4.22.1&#8243; _module_preset=&#8221;default&#8221; text_font=&#8221;|700|||||||&#8221; text_text_color=&#8221;#FFFFFF&#8221; text_font_size=&#8221;24px&#8221; animation_direction=&#8221;left&#8221; global_colors_info=&#8221;{}&#8221;]<\/p>\n<p>ZAV\u00cdTEJTE DO HOTELOV\u00c9 RESTAURACE SE SLEVOU 15%<\/p>\n<p>[\/et_pb_text][et_pb_text _builder_version=&#8221;4.22.1&#8243; _module_preset=&#8221;default&#8221; text_text_color=&#8221;#FFFFFF&#8221; text_orientation=&#8221;center&#8221; animation_direction=&#8221;left&#8221; global_colors_info=&#8221;{}&#8221;]<\/p>\n<p style=\"text-align: left;\">Spojte n\u00e1v\u0161t\u011bvu v\u00fdstavy s gastronomick\u00fdm z\u00e1\u017eitkem v restauraci Ol\u00e9o Pazzo v hotelu a vyu\u017eijte <strong>15% slevu<\/strong>. Voucher p\u0159edlo\u017ete obsluze p\u0159ed placen\u00edm. T\u00fdm restaurace se na V\u00e1s t\u011b\u0161\u00ed. Voucher si st\u00e1hn\u011bte kliknut\u00edm na odkaz &#8220;z\u00edskat slevu&#8221; n\u00ed\u017ee.<\/p>\n<p>[\/et_pb_text][et_pb_button button_url=&#8221;http:\/\/ok100.cz\/wp-content\/uploads\/2023\/10\/VOUCHER-RESTAURACE-HOTEL-COURTYARD-15.pdf&#8221; url_new_window=&#8221;on&#8221; button_text=&#8221;Z\u00cdSKAT SLEVU 15% V HOTELOV\u00c9 RESTAURACI OL\u00c9O PAZZO&#8221; button_alignment=&#8221;center&#8221; _builder_version=&#8221;4.22.1&#8243; _module_preset=&#8221;default&#8221; custom_button=&#8221;on&#8221; button_text_size=&#8221;20px&#8221; button_text_color=&#8221;#FFFFFF&#8221; button_bg_color=&#8221;#E02B20&#8243; button_border_width=&#8221;0px&#8221; button_border_color=&#8221;RGBA(255,255,255,0)&#8221; button_border_radius=&#8221;10px&#8221; button_font=&#8221;|800||on|||||&#8221; button_use_icon=&#8221;off&#8221; custom_padding=&#8221;|50px||50px|false|false&#8221; animation_direction=&#8221;left&#8221; global_colors_info=&#8221;{}&#8221;][\/et_pb_button][\/et_pb_column][\/et_pb_row][\/et_pb_section][et_pb_section fb_built=&#8221;1&#8243; _builder_version=&#8221;4.22.1&#8243; _module_preset=&#8221;default&#8221; background_color=&#8221;#424242&#8243; background_enable_video_mp4=&#8221;off&#8221; custom_padding=&#8221;30px|||||&#8221; global_colors_info=&#8221;{}&#8221;][et_pb_row column_structure=&#8221;3_5,2_5&#8243; _builder_version=&#8221;4.22.1&#8243; _module_preset=&#8221;default&#8221; global_colors_info=&#8221;{}&#8221;][et_pb_column type=&#8221;3_5&#8243; _builder_version=&#8221;4.22.1&#8243; _module_preset=&#8221;default&#8221; global_colors_info=&#8221;{}&#8221;][et_pb_image src=&#8221;http:\/\/ok100.cz\/wp-content\/uploads\/2023\/10\/DSC0220.jpg&#8221; title_text=&#8221;_DSC0220&#8243; _builder_version=&#8221;4.22.1&#8243; _module_preset=&#8221;default&#8221; filter_saturate=&#8221;0%&#8221; filter_opacity=&#8221;60%&#8221; border_radii=&#8221;on|25px|25px|25px|25px&#8221; global_colors_info=&#8221;{}&#8221;][\/et_pb_image][\/et_pb_column][et_pb_column type=&#8221;2_5&#8243; _builder_version=&#8221;4.22.1&#8243; _module_preset=&#8221;default&#8221; global_colors_info=&#8221;{}&#8221;][et_pb_text _builder_version=&#8221;4.22.1&#8243; _module_preset=&#8221;default&#8221; text_font=&#8221;|700||on|||||&#8221; text_text_color=&#8221;#FFFFFF&#8221; text_font_size=&#8221;25px&#8221; text_line_height=&#8221;1.4em&#8221; animation_direction=&#8221;left&#8221; global_colors_info=&#8221;{}&#8221;]<\/p>\n<p>V\u00ddSTAVA UNIFOREM \u010cSA V HOTELU<\/p>\n<p>[\/et_pb_text][et_pb_text _builder_version=&#8221;4.22.1&#8243; _module_preset=&#8221;default&#8221; text_font=&#8221;|800||on|||||&#8221; text_text_color=&#8221;#FFFFFF&#8221; text_font_size=&#8221;21px&#8221; text_line_height=&#8221;1.4em&#8221; background_color=&#8221;#E02B20&#8243; text_orientation=&#8221;center&#8221; custom_padding=&#8221;7px||7px||true|false&#8221; animation_direction=&#8221;left&#8221; border_radii=&#8221;on|10px|10px|10px|10px&#8221; global_colors_info=&#8221;{}&#8221;]<\/p>\n<p>V\u00ddSTAVA UKON\u010cENA<\/p>\n<p>[\/et_pb_text][et_pb_text _builder_version=&#8221;4.22.1&#8243; _module_preset=&#8221;default&#8221; text_text_color=&#8221;#FFFFFF&#8221; animation_direction=&#8221;left&#8221; global_colors_info=&#8221;{}&#8221;]<\/p>\n<p>P\u0159ij\u010fte se osobn\u011b pod\u00edvat do minulosti \u010cSA na modely, kter\u00e9 nosily jak letu\u0161ky, tak pozemn\u00ed zam\u011bstnankyn\u011b. Expozice v\u00edce jak 20 uniforem bude dostupn\u00e1 <strong>od 7. 10. 2023 do konce roku 2023 a to ka\u017ed\u00fd den<\/strong>.<\/p>\n<p><strong>KDE:<\/strong> V hotelu Courtyard by Marriott Prague Airport. Budova hotelu se nach\u00e1z\u00ed naproti Termin\u00e1lu 1. V\u00fdstava je um\u00edst\u011bna v prvn\u00edm pat\u0159e.<\/p>\n<p><strong>VSTUPN\u00c9:<\/strong> V\u00fdstava je p\u0159\u00edstupn\u00e1 zdarma.<\/p>\n<p><strong>V\u00ddSTAVA BYLA UKON\u010cENA<\/strong><\/p>\n<p>[\/et_pb_text][\/et_pb_column][\/et_pb_row][et_pb_row disabled_on=&#8221;off|off|off&#8221; _builder_version=&#8221;4.22.1&#8243; _module_preset=&#8221;default&#8221; global_colors_info=&#8221;{}&#8221;][et_pb_column type=&#8221;4_4&#8243; _builder_version=&#8221;4.22.1&#8243; _module_preset=&#8221;default&#8221; global_colors_info=&#8221;{}&#8221;][et_pb_text _builder_version=&#8221;4.22.1&#8243; _module_preset=&#8221;default&#8221; text_font=&#8221;|800|||||||&#8221; text_text_color=&#8221;#FFFFFF&#8221; text_font_size=&#8221;40px&#8221; text_orientation=&#8221;center&#8221; custom_margin=&#8221;31px||63px|||&#8221; text_font_size_tablet=&#8221;40px&#8221; text_font_size_phone=&#8221;20px&#8221; text_font_size_last_edited=&#8221;on|phone&#8221; global_colors_info=&#8221;{}&#8221;]<\/p>\n<p>D\u011aKUJEME V\u0160EM N\u00c1V\u0160T\u011aVN\u00cdK\u016eM V\u00ddSTAVY<\/p>\n<p>[\/et_pb_text][et_pb_gallery gallery_ids=&#8221;621,623,620,622&#8243; show_title_and_caption=&#8221;off&#8221; show_pagination=&#8221;off&#8221; zoom_icon_color=&#8221;RGBA(255,255,255,0)&#8221; hover_overlay_color=&#8221;RGBA(255,255,255,0)&#8221; _builder_version=&#8221;4.22.1&#8243; _module_preset=&#8221;default&#8221; filter_saturate=&#8221;0%&#8221; filter_opacity=&#8221;60%&#8221; border_radii=&#8221;on|20px|20px|20px|20px&#8221; global_colors_info=&#8221;{}&#8221;][\/et_pb_gallery][\/et_pb_column][\/et_pb_row][et_pb_row column_structure=&#8221;3_5,2_5&#8243; disabled_on=&#8221;on|on|on&#8221; _builder_version=&#8221;4.22.1&#8243; _module_preset=&#8221;default&#8221; disabled=&#8221;on&#8221; global_colors_info=&#8221;{}&#8221;][et_pb_column type=&#8221;3_5&#8243; _builder_version=&#8221;4.22.1&#8243; _module_preset=&#8221;default&#8221; global_colors_info=&#8221;{}&#8221;][et_pb_text _builder_version=&#8221;4.22.1&#8243; _module_preset=&#8221;default&#8221; text_text_color=&#8221;#FFFFFF&#8221; animation_direction=&#8221;left&#8221; global_colors_info=&#8221;{}&#8221;]<\/p>\n<p>N\u011bkter\u00e9 uniformy budou z technick\u00fdch d\u016fvod\u016f na v\u00fdstav\u011b dostupn\u00e9 jen v ur\u010dit\u00e9 dny. Tak\u00e9 je mo\u017en\u00e9, \u017ee budeme v prostro\u00e1ch nat\u00e1\u010det nebo po\u0159\u00e1dat doprovodn\u00e9 akce. Pokud tedy chcete vid\u011bt co nejv\u00edce, tak si n\u00e1v\u0161t\u011bvu napl\u00e1nujte podle datum\u016f n\u00ed\u017ee.<strong><\/strong><\/p>\n<p>[\/et_pb_text][et_pb_text _builder_version=&#8221;4.22.1&#8243; _module_preset=&#8221;default&#8221; text_font=&#8221;|700|||||||&#8221; text_text_color=&#8221;#FFFFFF&#8221; text_font_size=&#8221;24px&#8221; animation_direction=&#8221;left&#8221; global_colors_info=&#8221;{}&#8221;]<\/p>\n<p>KDY SE P\u0158IJ\u00cdT POD\u00cdVAT NA UNIFORMU Z ROKU 1959?<\/p>\n<p>[\/et_pb_text][et_pb_text _builder_version=&#8221;4.22.1&#8243; _module_preset=&#8221;default&#8221; text_text_color=&#8221;#FFFFFF&#8221; text_font_size=&#8221;20px&#8221; animation_direction=&#8221;left&#8221; global_colors_info=&#8221;{}&#8221;]<\/p>\n<p>Dal\u0161\u00ed term\u00edny zat\u00edm nejsou napl\u00e1novan\u00e9.<\/p>\n<p>[\/et_pb_text][et_pb_text _builder_version=&#8221;4.22.1&#8243; _module_preset=&#8221;default&#8221; text_text_color=&#8221;#FFFFFF&#8221; animation_direction=&#8221;left&#8221; global_colors_info=&#8221;{}&#8221;]<\/p>\n<p>&nbsp;<\/p>\n<p>Dal\u0161\u00ed term\u00edny budeme postupn\u011b p\u0159id\u00e1vat. P\u0159ed n\u00e1v\u0161t\u011bvou si pros\u00edm tyto term\u00edny zde zkontrolujte. M\u016f\u017ee doj\u00edt ke zm\u011bn\u011b na posledn\u00ed chv\u00edli.<\/p>\n<p>Pros\u00edme dbejte zv\u00fd\u0161en\u00e9 opatrnosti v prostor\u00e1ch hotelu a respektujte ubytovan\u00e9 hosty. V p\u0159\u00edpad\u011b, \u017ee zaregistrujete po\u0161kozov\u00e1n\u00ed expon\u00e1t\u016f, tak okam\u017eit\u011b informujte zam\u011bstnance hotelu. D\u011bkujeme, \u017ee n\u00e1m pom\u00e1h\u00e1te.<\/p>\n<p>[\/et_pb_text][\/et_pb_column][et_pb_column type=&#8221;2_5&#8243; _builder_version=&#8221;4.22.1&#8243; _module_preset=&#8221;default&#8221; global_colors_info=&#8221;{}&#8221;][et_pb_image src=&#8221;http:\/\/ok100.cz\/wp-content\/uploads\/2023\/10\/2959-DSC01516-3-1959.jpg&#8221; title_text=&#8221;2959-DSC01516-3-1959&#8243; _builder_version=&#8221;4.22.1&#8243; _module_preset=&#8221;default&#8221; border_radii=&#8221;on|25px|25px|25px|25px&#8221; global_colors_info=&#8221;{}&#8221;][\/et_pb_image][\/et_pb_column][\/et_pb_row][et_pb_row column_structure=&#8221;1_3,2_3&#8243; disabled_on=&#8221;on|on|on&#8221; _builder_version=&#8221;4.22.1&#8243; _module_preset=&#8221;default&#8221; disabled=&#8221;on&#8221; global_colors_info=&#8221;{}&#8221;][et_pb_column type=&#8221;1_3&#8243; _builder_version=&#8221;4.22.1&#8243; _module_preset=&#8221;default&#8221; global_colors_info=&#8221;{}&#8221;][et_pb_image src=&#8221;http:\/\/ok100.cz\/wp-content\/uploads\/2023\/10\/1690202682-DSC9525-scaled.webp&#8221; title_text=&#8221;1690202682-DSC9525&#8243; url=&#8221;http:\/\/ok100.cz\/wp-content\/uploads\/2023\/10\/VOUCHER-RESTAURACE-HOTEL-COURTYARD-15.pdf&#8221; url_new_window=&#8221;on&#8221; _builder_version=&#8221;4.22.1&#8243; _module_preset=&#8221;default&#8221; border_radii=&#8221;on|25px|25px|25px|25px&#8221; global_colors_info=&#8221;{}&#8221;][\/et_pb_image][\/et_pb_column][et_pb_column type=&#8221;2_3&#8243; _builder_version=&#8221;4.22.1&#8243; _module_preset=&#8221;default&#8221; global_colors_info=&#8221;{}&#8221;][et_pb_text _builder_version=&#8221;4.22.1&#8243; _module_preset=&#8221;default&#8221; text_font=&#8221;|700|||||||&#8221; text_text_color=&#8221;#FFFFFF&#8221; text_font_size=&#8221;24px&#8221; animation_direction=&#8221;left&#8221; global_colors_info=&#8221;{}&#8221;]<\/p>\n<p>ZAV\u00cdTEJTE DO HOTELOV\u00c9 RESTAURACE SE SLEVOU 15%<\/p>\n<p>[\/et_pb_text][et_pb_text _builder_version=&#8221;4.22.1&#8243; _module_preset=&#8221;default&#8221; text_text_color=&#8221;#FFFFFF&#8221; text_orientation=&#8221;center&#8221; animation_direction=&#8221;left&#8221; global_colors_info=&#8221;{}&#8221;]<\/p>\n<p style=\"text-align: left;\">Spojte n\u00e1v\u0161t\u011bvu v\u00fdstavy s gastronomick\u00fdm z\u00e1\u017eitkem v restauraci Ol\u00e9o Pazzo v hotelu a vyu\u017eijte <strong>15% slevu<\/strong>. Voucher p\u0159edlo\u017ete obsluze p\u0159ed placen\u00edm. T\u00fdm restaurace se na V\u00e1s t\u011b\u0161\u00ed. Voucher si st\u00e1hn\u011bte kliknut\u00edm na odkaz &#8220;z\u00edskat slevu&#8221; n\u00ed\u017ee.<\/p>\n<p>[\/et_pb_text][et_pb_button button_url=&#8221;http:\/\/ok100.cz\/wp-content\/uploads\/2023\/10\/VOUCHER-RESTAURACE-HOTEL-COURTYARD-15.pdf&#8221; url_new_window=&#8221;on&#8221; button_text=&#8221;Z\u00cdSKAT SLEVU 15% V HOTELOV\u00c9 RESTAURACI OL\u00c9O PAZZO&#8221; button_alignment=&#8221;center&#8221; _builder_version=&#8221;4.22.1&#8243; _module_preset=&#8221;default&#8221; custom_button=&#8221;on&#8221; button_text_size=&#8221;20px&#8221; button_text_color=&#8221;#FFFFFF&#8221; button_bg_color=&#8221;#E02B20&#8243; button_border_width=&#8221;0px&#8221; button_border_color=&#8221;RGBA(255,255,255,0)&#8221; button_border_radius=&#8221;10px&#8221; button_font=&#8221;|800||on|||||&#8221; button_use_icon=&#8221;off&#8221; custom_padding=&#8221;|50px||50px|false|false&#8221; animation_direction=&#8221;left&#8221; global_colors_info=&#8221;{}&#8221;][\/et_pb_button][\/et_pb_column][\/et_pb_row][\/et_pb_section][et_pb_section fb_built=&#8221;1&#8243; _builder_version=&#8221;4.22.1&#8243; _module_preset=&#8221;default&#8221; background_image=&#8221;http:\/\/ok100.cz\/wp-content\/uploads\/2024\/02\/DSC3853.jpg&#8221; parallax=&#8221;on&#8221; min_height=&#8221;650px&#8221; global_colors_info=&#8221;{}&#8221;][et_pb_row _builder_version=&#8221;4.22.1&#8243; _module_preset=&#8221;default&#8221; module_alignment=&#8221;center&#8221; custom_padding=&#8221;223px|||||&#8221; global_colors_info=&#8221;{}&#8221;][et_pb_column type=&#8221;4_4&#8243; _builder_version=&#8221;4.22.1&#8243; _module_preset=&#8221;default&#8221; global_colors_info=&#8221;{}&#8221;][et_pb_number_counter title=&#8221;PO\u010cET VYSTAVEN\u00ddCH UNIFOREM&#8221; number=&#8221;24&#8243; percent_sign=&#8221;off&#8221; _builder_version=&#8221;4.22.1&#8243; _module_preset=&#8221;default&#8221; title_font=&#8221;|800|||||||&#8221; title_text_color=&#8221;#FFFFFF&#8221; title_font_size=&#8221;30px&#8221; title_line_height=&#8221;2.5em&#8221; number_font=&#8221;|700|||||||&#8221; number_text_align=&#8221;center&#8221; number_text_color=&#8221;#FFFFFF&#8221; number_font_size=&#8221;250px&#8221; number_line_height=&#8221;1px&#8221; title_line_height_tablet=&#8221;2.5em&#8221; title_line_height_phone=&#8221;1.3em&#8221; title_line_height_last_edited=&#8221;on|phone&#8221; number_font_size_tablet=&#8221;250px&#8221; number_font_size_phone=&#8221;150px&#8221; number_font_size_last_edited=&#8221;on|phone&#8221; title_text_shadow_style=&#8221;preset3&#8243; number_text_shadow_style=&#8221;preset3&#8243; text_shadow_style=&#8221;preset1&#8243; text_shadow_vertical_length_phone=&#8221;0.1em&#8221; text_shadow_vertical_length_last_edited=&#8221;off|phone&#8221; global_colors_info=&#8221;{}&#8221;][\/et_pb_number_counter][\/et_pb_column][\/et_pb_row][\/et_pb_section][et_pb_section fb_built=&#8221;1&#8243; disabled_on=&#8221;off|off|off&#8221; _builder_version=&#8221;4.22.1&#8243; _module_preset=&#8221;default&#8221; background_color=&#8221;#f7f7f7&#8243; global_colors_info=&#8221;{}&#8221;][et_pb_row _builder_version=&#8221;4.22.1&#8243; _module_preset=&#8221;default&#8221; global_colors_info=&#8221;{}&#8221;][et_pb_column type=&#8221;4_4&#8243; _builder_version=&#8221;4.22.1&#8243; _module_preset=&#8221;default&#8221; global_colors_info=&#8221;{}&#8221;][et_pb_text _builder_version=&#8221;4.22.1&#8243; _module_preset=&#8221;default&#8221; text_font=&#8221;|700||on|||||&#8221; text_font_size=&#8221;25px&#8221; text_line_height=&#8221;1.4em&#8221; text_orientation=&#8221;center&#8221; global_colors_info=&#8221;{}&#8221;]<\/p>\n<p>Zm\u00ednky o projektu OK100<\/p>\n<p>[\/et_pb_text][\/et_pb_column][\/et_pb_row][et_pb_row column_structure=&#8221;1_3,1_3,1_3&#8243; _builder_version=&#8221;4.22.1&#8243; _module_preset=&#8221;default&#8221; global_colors_info=&#8221;{}&#8221;][et_pb_column type=&#8221;1_3&#8243; _builder_version=&#8221;4.22.1&#8243; _module_preset=&#8221;default&#8221; global_colors_info=&#8221;{}&#8221;][et_pb_image src=&#8221;http:\/\/ok100.cz\/wp-content\/uploads\/2023\/10\/Napsali-zdopravy.jpg&#8221; title_text=&#8221;Napsali-zdopravy&#8221; url=&#8221;https:\/\/zdopravy.cz\/stolete-vyroci-csa-pripomina-unikatni-kniha-vytvorena-byvalymi-zamestnanci-179500\/&#8221; _builder_version=&#8221;4.22.1&#8243; _module_preset=&#8221;default&#8221; border_radii=&#8221;on|25px|25px|25px|25px&#8221; global_colors_info=&#8221;{}&#8221;][\/et_pb_image][et_pb_text _builder_version=&#8221;4.22.1&#8243; _module_preset=&#8221;default&#8221; text_orientation=&#8221;center&#8221; global_colors_info=&#8221;{}&#8221;]<\/p>\n<h3>L\u00e1ska k \u010cSA jako hlavn\u00ed motivace<\/h3>\n<p><em>Postupn\u011b se autor\u016fm knihy poda\u0159ilo z\u00edskat t\u00e9m\u011b\u0159 v\u0161echny historick\u00e9 uniformy, i kdy\u017e chyb\u00ed nap\u0159\u00edklad stejnokroje z obdob\u00ed po v\u00e1lce. Pro pot\u0159eby knihy se staly modelkami b\u00fdval\u00e9 zam\u011bstnankyn\u011b \u010cSA \u010di jejich dcery a vnu\u010dky.<\/em><\/p>\n<p>ZDOPRAVY.CZ<\/p>\n<p>[\/et_pb_text][\/et_pb_column][et_pb_column type=&#8221;1_3&#8243; _builder_version=&#8221;4.22.1&#8243; _module_preset=&#8221;default&#8221; global_colors_info=&#8221;{}&#8221;][et_pb_image src=&#8221;http:\/\/ok100.cz\/wp-content\/uploads\/2023\/10\/Napsali-Praha-In.jpg&#8221; title_text=&#8221;Napsali-Praha-In&#8221; url=&#8221;https:\/\/www.prahain.cz\/doprava\/skromne-pripomenuti-100-let-csa-prevalcoval-tajny-projekt-ok100-youtubera-a-byvalych-zamestnancu-15016.html&#8221; _builder_version=&#8221;4.22.1&#8243; _module_preset=&#8221;default&#8221; border_radii=&#8221;on|20px|20px|20px|20px&#8221; global_colors_info=&#8221;{}&#8221;][\/et_pb_image][et_pb_text _builder_version=&#8221;4.22.1&#8243; _module_preset=&#8221;default&#8221; text_orientation=&#8221;center&#8221; global_colors_info=&#8221;{}&#8221;]<\/p>\n<h3>Perfektn\u011b utajen\u00fd projekt OK-100<\/h3>\n<p><em>Naproti tomu v maxim\u00e1ln\u00edm utajen\u00ed vznikl tajemn\u00fd projekt OK-100, na kter\u00fd n\u011bkolik t\u00fddn\u016f b\u011b\u017eely atraktivn\u00ed upout\u00e1vky na soci\u00e1ln\u00edch s\u00edt\u00edch. V nich je i zn\u00e1m\u00fd kapit\u00e1n David Hecl.<\/em><\/p>\n<p>PrahaIN.cz<\/p>\n<p>[\/et_pb_text][\/et_pb_column][et_pb_column type=&#8221;1_3&#8243; _builder_version=&#8221;4.22.1&#8243; _module_preset=&#8221;default&#8221; global_colors_info=&#8221;{}&#8221;][et_pb_image src=&#8221;http:\/\/ok100.cz\/wp-content\/uploads\/2023\/10\/Napsali-Ceslav.jpg&#8221; title_text=&#8221;Napsali-Ceslav&#8221; url=&#8221;https:\/\/youtu.be\/_3-7zEKkrOA?si=Bl-qNW37O4Yn4QZ6&#8243; _builder_version=&#8221;4.22.1&#8243; _module_preset=&#8221;default&#8221; border_radii=&#8221;on|20px|20px|20px|20px&#8221; global_colors_info=&#8221;{}&#8221;][\/et_pb_image][et_pb_text _builder_version=&#8221;4.22.1&#8243; _module_preset=&#8221;default&#8221; text_orientation=&#8221;center&#8221; global_colors_info=&#8221;{}&#8221;]<\/p>\n<h3>Smek\u00e1m&#8230;<\/h3>\n<p><em>Takto komplexn\u011b zpracovanou historii stejnokroj\u016f pro leteckou spole\u010dnost \u010cSA, si nedovedu p\u0159edstavit, jak to lze d\u00e1t dohromady. P\u0159ijde mi to jako velmi profesion\u00e1ln\u00ed, encyklopedick\u00e1 a soustavn\u00e1 koncepce projektu.<\/em><\/p>\n<p>\u010ceslav Jaro\u0161, akademick\u00fd mal\u00ed\u0159\/n\u00e1vrh\u00e1\u0159<\/p>\n<p>[\/et_pb_text][\/et_pb_column][\/et_pb_row][\/et_pb_section][et_pb_section fb_built=&#8221;1&#8243; _builder_version=&#8221;4.22.1&#8243; _module_preset=&#8221;default&#8221; custom_padding=&#8221;35px||35px|||&#8221; global_colors_info=&#8221;{}&#8221;][et_pb_row column_structure=&#8221;3_5,2_5&#8243; _builder_version=&#8221;4.22.1&#8243; _module_preset=&#8221;default&#8221; global_colors_info=&#8221;{}&#8221;][et_pb_column type=&#8221;3_5&#8243; _builder_version=&#8221;4.22.1&#8243; _module_preset=&#8221;default&#8221; global_colors_info=&#8221;{}&#8221;][et_pb_image src=&#8221;http:\/\/ok100.cz\/wp-content\/uploads\/2023\/10\/KALNEDAR-web-ok100-4.jpg&#8221; title_text=&#8221;KALNEDAR-web-ok100-4&#8243; force_fullwidth=&#8221;on&#8221; _builder_version=&#8221;4.22.1&#8243; _module_preset=&#8221;default&#8221; module_alignment=&#8221;center&#8221; border_radii=&#8221;on|25px|25px|25px|25px&#8221; global_colors_info=&#8221;{}&#8221;][\/et_pb_image][\/et_pb_column][et_pb_column type=&#8221;2_5&#8243; _builder_version=&#8221;4.22.1&#8243; _module_preset=&#8221;default&#8221; global_colors_info=&#8221;{}&#8221;][et_pb_text _builder_version=&#8221;4.22.1&#8243; _module_preset=&#8221;default&#8221; text_font=&#8221;|700||on|||||&#8221; text_font_size=&#8221;25px&#8221; text_line_height=&#8221;1.4em&#8221; global_colors_info=&#8221;{}&#8221;]<\/p>\n<p>M\u00f3da na palub\u00e1ch kalend\u00e1\u0159 2023\/2024<\/p>\n<p>[\/et_pb_text][et_pb_text _builder_version=&#8221;4.22.1&#8243; _module_preset=&#8221;default&#8221; global_colors_info=&#8221;{}&#8221;]<\/p>\n<p>Sou\u010d\u00e1st\u00ed projektu OK100 je tak\u00e9 speci\u00e1ln\u00ed kalend\u00e1\u0159 v limitovan\u00e9 edici, kter\u00fd p\u0159ipom\u00edn\u00e1 v\u00fdznamn\u00e1 data z historie \u010cSA. Kalend\u00e1\u0159 za\u010d\u00edn\u00e1 ji\u017e v \u0159\u00edjnu 2023 a obsahuje 16 list\u016f, kter\u00e9 prezentuj\u00ed historii m\u00f3dy letov\u00e9ho a pozemn\u00edho person\u00e1lu n\u00e1rodn\u00edho dopravce.<\/p>\n<p>Kalend\u00e1\u0159 jo dopln\u011bn o historicky v\u00fdznamn\u00e9 miln\u00edky \u010ceskoslovensk\u00fdch aerolini\u00ed a o v\u00fdznamn\u00e9 dny v civiln\u00ed leteck\u00e9 doprav\u011b.<\/p>\n<p>Velikost kalend\u00e1\u0159e je 420 x 297 mm (form\u00e1t A3). Lze jej zav\u011bsit vertik\u00e1ln\u011b d\u00edky poutku na kr\u00e1tk\u00e9 stran\u011b.<\/p>\n<p>[\/et_pb_text][et_pb_button button_url=&#8221;https:\/\/avgeek.cz\/kalendar-moda-na-palubach&#8221; url_new_window=&#8221;on&#8221; button_text=&#8221;ZAKOUPIT KALEND\u00c1\u0158&#8221; button_alignment=&#8221;center&#8221; _builder_version=&#8221;4.22.1&#8243; _module_preset=&#8221;default&#8221; custom_button=&#8221;on&#8221; button_text_size=&#8221;20px&#8221; button_text_color=&#8221;#FFFFFF&#8221; button_bg_color=&#8221;#E02B20&#8243; button_border_width=&#8221;0px&#8221; button_border_color=&#8221;RGBA(255,255,255,0)&#8221; button_border_radius=&#8221;10px&#8221; button_font=&#8221;|800||on|||||&#8221; button_use_icon=&#8221;off&#8221; custom_padding=&#8221;|50px||50px|false|false&#8221; global_colors_info=&#8221;{}&#8221;][\/et_pb_button][\/et_pb_column][\/et_pb_row][\/et_pb_section][et_pb_section fb_built=&#8221;1&#8243; _builder_version=&#8221;4.22.1&#8243; _module_preset=&#8221;default&#8221; background_color=&#8221;#f7f7f7&#8243; background_enable_image=&#8221;off&#8221; background_position=&#8221;top_right&#8221; custom_padding=&#8221;35px||35px|||&#8221; global_colors_info=&#8221;{}&#8221;][et_pb_row _builder_version=&#8221;4.22.1&#8243; _module_preset=&#8221;default&#8221; global_colors_info=&#8221;{}&#8221;][et_pb_column type=&#8221;4_4&#8243; _builder_version=&#8221;4.22.1&#8243; _module_preset=&#8221;default&#8221; global_colors_info=&#8221;{}&#8221;][et_pb_text _builder_version=&#8221;4.22.1&#8243; _module_preset=&#8221;default&#8221; text_font=&#8221;|700||on|||||&#8221; text_font_size=&#8221;25px&#8221; text_line_height=&#8221;1.4em&#8221; text_orientation=&#8221;center&#8221; global_colors_info=&#8221;{}&#8221;]<\/p>\n<p>HISTORIE PROJEKTU OK100<\/p>\n<p>[\/et_pb_text][\/et_pb_column][\/et_pb_row][et_pb_row column_structure=&#8221;1_4,1_4,1_4,1_4&#8243; _builder_version=&#8221;4.22.1&#8243; _module_preset=&#8221;default&#8221; module_alignment=&#8221;center&#8221; global_colors_info=&#8221;{}&#8221;][et_pb_column type=&#8221;1_4&#8243; _builder_version=&#8221;4.22.1&#8243; _module_preset=&#8221;default&#8221; global_colors_info=&#8221;{}&#8221;][et_pb_text _builder_version=&#8221;4.22.1&#8243; _module_preset=&#8221;default&#8221; text_font=&#8221;|300||on|||||&#8221; text_font_size=&#8221;40px&#8221; text_line_height=&#8221;1.4em&#8221; text_orientation=&#8221;center&#8221; global_colors_info=&#8221;{}&#8221;]<\/p>\n<p>2017<\/p>\n<p>[\/et_pb_text][et_pb_text _builder_version=&#8221;4.22.1&#8243; _module_preset=&#8221;default&#8221; text_orientation=&#8221;center&#8221; global_colors_info=&#8221;{}&#8221;]<\/p>\n<p>Prvn\u00ed v\u011bt\u0161\u00ed kontakt tv\u016frc\u016f s historick\u00fdmi uniformami \u010cSA a realizace ofici\u00e1ln\u00edho v\u00fdro\u010dn\u00edho videa k 95. v\u00fdro\u010d\u00ed spole\u010dnosti, kde se n\u011bkter\u00e9 z t\u011bchto stejnokroj\u016f po mnoha letech poprv\u00e9 op\u011bt p\u0159edstavily ve\u0159ejnosti. <\/p>\n<p>[\/et_pb_text][\/et_pb_column][et_pb_column type=&#8221;1_4&#8243; _builder_version=&#8221;4.22.1&#8243; _module_preset=&#8221;default&#8221; global_colors_info=&#8221;{}&#8221;][et_pb_text _builder_version=&#8221;4.22.1&#8243; _module_preset=&#8221;default&#8221; text_font=&#8221;|300||on|||||&#8221; text_font_size=&#8221;40px&#8221; text_line_height=&#8221;1.4em&#8221; text_orientation=&#8221;center&#8221; global_colors_info=&#8221;{}&#8221;]<\/p>\n<p>2018<\/p>\n<p>[\/et_pb_text][et_pb_text _builder_version=&#8221;4.22.1&#8243; _module_preset=&#8221;default&#8221; text_orientation=&#8221;center&#8221; global_colors_info=&#8221;{}&#8221;]<\/p>\n<p>Realizace m\u00f3dn\u00ed p\u0159ehl\u00eddky uniforem pro v\u00edce jak 200 b\u00fdval\u00fdch zam\u011bstnanc\u016f \u010cSA jako pod\u011bkov\u00e1n\u00ed za p\u0159isp\u011bn\u00ed ke vzniku videa k 95. v\u00fdro\u010d\u00ed v p\u0159edchoz\u00edm roce.<\/p>\n<p>[\/et_pb_text][\/et_pb_column][et_pb_column type=&#8221;1_4&#8243; _builder_version=&#8221;4.22.1&#8243; _module_preset=&#8221;default&#8221; global_colors_info=&#8221;{}&#8221;][et_pb_text _builder_version=&#8221;4.22.1&#8243; _module_preset=&#8221;default&#8221; text_font=&#8221;|300||on|||||&#8221; text_font_size=&#8221;40px&#8221; text_line_height=&#8221;1.4em&#8221; text_orientation=&#8221;center&#8221; global_colors_info=&#8221;{}&#8221;]<\/p>\n<p>2019\u20132021<\/p>\n<p>[\/et_pb_text][et_pb_text _builder_version=&#8221;4.22.1&#8243; _module_preset=&#8221;default&#8221; text_orientation=&#8221;center&#8221; global_colors_info=&#8221;{}&#8221;]<\/p>\n<p>Aktivn\u00ed v\u00fdzkum historie uniforem \u010cSA a sh\u00e1n\u011bn\u00ed jednotliv\u00fdch dochovan\u00fdch exempl\u00e1\u0159\u016f, kter\u00e9 by byly vyu\u017eiteln\u00e9 pro publikaci. Vytvo\u0159en\u00ed konceptu publikace a tvorba ilustrac\u00ed.<\/p>\n<p>[\/et_pb_text][\/et_pb_column][et_pb_column type=&#8221;1_4&#8243; _builder_version=&#8221;4.22.1&#8243; _module_preset=&#8221;default&#8221; global_colors_info=&#8221;{}&#8221;][et_pb_text _builder_version=&#8221;4.22.1&#8243; _module_preset=&#8221;default&#8221; text_font=&#8221;|300||on|||||&#8221; text_font_size=&#8221;40px&#8221; text_line_height=&#8221;1.4em&#8221; text_orientation=&#8221;center&#8221; global_colors_info=&#8221;{}&#8221;]<\/p>\n<p>2022<\/p>\n<p>[\/et_pb_text][et_pb_text _builder_version=&#8221;4.22.1&#8243; _module_preset=&#8221;default&#8221; text_orientation=&#8221;center&#8221; global_colors_info=&#8221;{}&#8221;]<\/p>\n<p>Nafocen\u00ed nashrom\u00e1\u017ed\u011bn\u00fdch uniforem a dal\u0161\u00edch dochovan\u00fdch p\u0159edm\u011bt\u016f z historie \u010cSA. Od z\u00e1\u0159\u00ed 2022 zpracov\u00e1n\u00ed nafocen\u00e9ho materi\u00e1lu a p\u0159\u00edprava ti\u0161t\u011bn\u00e9 publikace.<\/p>\n<p>[\/et_pb_text][\/et_pb_column][\/et_pb_row][\/et_pb_section][et_pb_section fb_built=&#8221;1&#8243; _builder_version=&#8221;4.22.1&#8243; _module_preset=&#8221;default&#8221; custom_padding=&#8221;35px||35px|||&#8221; global_colors_info=&#8221;{}&#8221;][et_pb_row column_structure=&#8221;2_5,3_5&#8243; _builder_version=&#8221;4.22.1&#8243; _module_preset=&#8221;default&#8221; global_colors_info=&#8221;{}&#8221;][et_pb_column type=&#8221;2_5&#8243; _builder_version=&#8221;4.22.1&#8243; _module_preset=&#8221;default&#8221; global_colors_info=&#8221;{}&#8221;][et_pb_text _builder_version=&#8221;4.22.1&#8243; _module_preset=&#8221;default&#8221; text_font=&#8221;|700||on|||||&#8221; text_font_size=&#8221;25px&#8221; text_line_height=&#8221;1.4em&#8221; global_colors_info=&#8221;{}&#8221;]<\/p>\n<p>Upom\u00ednkov\u00e9 p\u0159edm\u011bty<\/p>\n<p>[\/et_pb_text][et_pb_text _builder_version=&#8221;4.22.1&#8243; _module_preset=&#8221;default&#8221; global_colors_info=&#8221;{}&#8221;]<\/p>\n<p>Pokud pat\u0159\u00edte mezi nejv\u011bt\u0161\u00ed fanou\u0161ky \u010cSA a chcete si historii a v\u00fdro\u010d\u00ed t\u00e9to spole\u010dnosti p\u0159ipomenout je\u0161t\u011b v\u00edce, p\u0159ipravili jsme pro v\u00e1s upom\u00ednkov\u00e9 p\u0159edm\u011bry, kter\u00e9 v\u00e1s ur\u010dit\u011b pot\u011b\u0161\u00ed.<\/p>\n<p>[\/et_pb_text][et_pb_button button_url=&#8221;https:\/\/avgeek.cz\/&#8221; button_text=&#8221;Nav\u0161t\u00edvit e-shop&#8221; button_alignment=&#8221;left&#8221; _builder_version=&#8221;4.22.1&#8243; _module_preset=&#8221;default&#8221; custom_button=&#8221;on&#8221; button_text_size=&#8221;20px&#8221; button_text_color=&#8221;#FFFFFF&#8221; button_bg_color=&#8221;#E02B20&#8243; button_border_width=&#8221;0px&#8221; button_border_color=&#8221;RGBA(255,255,255,0)&#8221; button_border_radius=&#8221;10px&#8221; button_font=&#8221;|800||on|||||&#8221; button_use_icon=&#8221;off&#8221; custom_padding=&#8221;|50px||50px|false|true&#8221; global_colors_info=&#8221;{}&#8221;][\/et_pb_button][\/et_pb_column][et_pb_column type=&#8221;3_5&#8243; _builder_version=&#8221;4.22.1&#8243; _module_preset=&#8221;default&#8221; global_colors_info=&#8221;{}&#8221;][et_pb_gallery gallery_ids=&#8221;557,510&#8243; posts_number=&#8221;2&#8243; show_title_and_caption=&#8221;off&#8221; show_pagination=&#8221;off&#8221; _builder_version=&#8221;4.22.1&#8243; _module_preset=&#8221;default&#8221; border_radii_image=&#8221;on|25px|25px|25px|25px&#8221; global_colors_info=&#8221;{}&#8221;][\/et_pb_gallery][\/et_pb_column][\/et_pb_row][\/et_pb_section][et_pb_section fb_built=&#8221;1&#8243; disabled_on=&#8221;on|on|on&#8221; _builder_version=&#8221;4.22.1&#8243; _module_preset=&#8221;default&#8221; custom_padding=&#8221;30px||30px|||&#8221; disabled=&#8221;on&#8221; global_colors_info=&#8221;{}&#8221;][et_pb_row column_structure=&#8221;3_5,2_5&#8243; _builder_version=&#8221;4.22.1&#8243; _module_preset=&#8221;default&#8221; global_colors_info=&#8221;{}&#8221;][et_pb_column type=&#8221;3_5&#8243; _builder_version=&#8221;4.22.1&#8243; _module_preset=&#8221;default&#8221; global_colors_info=&#8221;{}&#8221;][et_pb_image src=&#8221;http:\/\/ok100.cz\/wp-content\/uploads\/2023\/09\/KNIHA-1-bila-crop.jpg&#8221; title_text=&#8221;KNIHA-1-bila-crop&#8221; force_fullwidth=&#8221;on&#8221; _builder_version=&#8221;4.22.1&#8243; _module_preset=&#8221;default&#8221; module_alignment=&#8221;center&#8221; global_colors_info=&#8221;{}&#8221;][\/et_pb_image][\/et_pb_column][et_pb_column type=&#8221;2_5&#8243; _builder_version=&#8221;4.22.1&#8243; _module_preset=&#8221;default&#8221; global_colors_info=&#8221;{}&#8221;][et_pb_text _builder_version=&#8221;4.22.1&#8243; _module_preset=&#8221;default&#8221; text_font=&#8221;|700||on|||||&#8221; text_text_color=&#8221;#000000&#8243; text_font_size=&#8221;25px&#8221; text_line_height=&#8221;1.4em&#8221; global_colors_info=&#8221;{}&#8221;]<\/p>\n<p>M\u00f3da na palub\u00e1ch \u010ceskoslovensk\u00fdch Aerolini\u00ed<\/p>\n<p>[\/et_pb_text][et_pb_text _builder_version=&#8221;4.22.1&#8243; _module_preset=&#8221;default&#8221; text_text_color=&#8221;#000000&#8243; global_colors_info=&#8221;{}&#8221;]<\/p>\n<p>Tato kniha mapuje stoletou historii \u010cSA formou m\u00f3dy (nejen) na palub\u00e1ch letadel, ale p\u0159in\u00e1\u0161\u00ed tak\u00e9 n\u00e1hl\u00e9dnut\u00ed do p\u0159\u00edb\u011bh\u016f lid\u00ed, kte\u0159\u00ed v n\u00ed pro\u017eili d\u016fle\u017eit\u00e9 momenty sv\u00fdch \u017eivot\u016f.<\/p>\n<p>V\u0161echny uniformy p\u0159edv\u00e1d\u00ed p\u0159\u00edmo nejen b\u00fdval\u00e9 zam\u011bstnankyn\u011b, ale tak\u00e9 jejich dcery a vnu\u010dky, kter\u00e9 se narodily jen d\u00edky tomu, \u017ee se jejich p\u0159edci sezn\u00e1mili ve slu\u017eb\u00e1ch \u010cSA.<\/p>\n<p>Publikace ukazuje nejen m\u00f3dn\u00ed trendy tak, jak se projevovaly a m\u011bnily v pr\u016fb\u011bhu doby, ale tak\u00e9 to, \u017ee za ka\u017edou uniformou jsou lidsk\u00e9 p\u0159\u00edb\u011bhy a osudy t\u011bch, kter\u00e9 je nosily.<\/p>\n<p>Ka\u017ed\u00e1 etapa historie&#8230;. dopsat<\/p>\n<p>[\/et_pb_text][et_pb_button button_text=&#8221;ZAKOUPIT KNIHU&#8221; button_alignment=&#8221;left&#8221; _builder_version=&#8221;4.22.1&#8243; _module_preset=&#8221;default&#8221; custom_button=&#8221;on&#8221; button_text_size=&#8221;20px&#8221; button_text_color=&#8221;#FFFFFF&#8221; button_bg_color=&#8221;#E02B20&#8243; button_border_width=&#8221;0px&#8221; button_border_color=&#8221;RGBA(255,255,255,0)&#8221; button_border_radius=&#8221;10px&#8221; button_font=&#8221;|800||on|||||&#8221; button_use_icon=&#8221;off&#8221; custom_margin=&#8221;|||0px|false|false&#8221; custom_padding=&#8221;|105px||105px|false|false&#8221; global_colors_info=&#8221;{}&#8221;][\/et_pb_button][\/et_pb_column][\/et_pb_row][\/et_pb_section][et_pb_section fb_built=&#8221;1&#8243; disabled_on=&#8221;on|on|on&#8221; _builder_version=&#8221;4.22.1&#8243; _module_preset=&#8221;default&#8221; background_image=&#8221;http:\/\/ok100.cz\/wp-content\/uploads\/2023\/09\/Czech-Airlines-A330-approach.jpg&#8221; min_height=&#8221;500px&#8221; disabled=&#8221;on&#8221; global_colors_info=&#8221;{}&#8221;][et_pb_row column_structure=&#8221;1_3,1_3,1_3&#8243; _builder_version=&#8221;4.22.1&#8243; _module_preset=&#8221;default&#8221; custom_padding=&#8221;138px|||||&#8221; global_colors_info=&#8221;{}&#8221;][et_pb_column type=&#8221;1_3&#8243; _builder_version=&#8221;4.22.1&#8243; _module_preset=&#8221;default&#8221; global_colors_info=&#8221;{}&#8221;][et_pb_number_counter title=&#8221;KAPACIITA CESTUJ\u00cdC\u00cdCH&#8221; number=&#8221;283&#8243; percent_sign=&#8221;off&#8221; _builder_version=&#8221;4.22.1&#8243; _module_preset=&#8221;default&#8221; title_font=&#8221;|800|||||||&#8221; title_text_color=&#8221;#FFFFFF&#8221; number_font=&#8221;|700|||||||&#8221; number_text_color=&#8221;#FFFFFF&#8221; number_font_size=&#8221;100px&#8221; title_text_shadow_style=&#8221;preset3&#8243; number_text_shadow_style=&#8221;preset3&#8243; text_shadow_style=&#8221;preset1&#8243; global_colors_info=&#8221;{}&#8221;][\/et_pb_number_counter][\/et_pb_column][et_pb_column type=&#8221;1_3&#8243; _builder_version=&#8221;4.22.1&#8243; _module_preset=&#8221;default&#8221; global_colors_info=&#8221;{}&#8221;][et_pb_number_counter title=&#8221;DOLET (KM)&#8221; number=&#8221;11700&#8243; percent_sign=&#8221;off&#8221; _builder_version=&#8221;4.22.1&#8243; _module_preset=&#8221;default&#8221; title_font=&#8221;|800|||||||&#8221; title_text_color=&#8221;#FFFFFF&#8221; number_font=&#8221;|700|||||||&#8221; number_text_color=&#8221;#FFFFFF&#8221; number_font_size=&#8221;100px&#8221; title_text_shadow_style=&#8221;preset3&#8243; number_text_shadow_style=&#8221;preset3&#8243; text_shadow_style=&#8221;preset1&#8243; global_colors_info=&#8221;{}&#8221;][\/et_pb_number_counter][\/et_pb_column][et_pb_column type=&#8221;1_3&#8243; _builder_version=&#8221;4.22.1&#8243; _module_preset=&#8221;default&#8221; global_colors_info=&#8221;{}&#8221;][et_pb_number_counter title=&#8221;PO\u010cET \u010cLEN\u016e POS\u00c1DKY&#8221; number=&#8221;15&#8243; percent_sign=&#8221;off&#8221; _builder_version=&#8221;4.22.1&#8243; _module_preset=&#8221;default&#8221; title_font=&#8221;|800|||||||&#8221; title_text_color=&#8221;#FFFFFF&#8221; number_font=&#8221;|700|||||||&#8221; number_text_color=&#8221;#FFFFFF&#8221; number_font_size=&#8221;100px&#8221; title_text_shadow_style=&#8221;preset3&#8243; number_text_shadow_style=&#8221;preset3&#8243; text_shadow_style=&#8221;preset1&#8243; global_colors_info=&#8221;{}&#8221;][\/et_pb_number_counter][\/et_pb_column][\/et_pb_row][\/et_pb_section][et_pb_section fb_built=&#8221;1&#8243; disabled_on=&#8221;off|off|off&#8221; _builder_version=&#8221;4.22.1&#8243; _module_preset=&#8221;default&#8221; background_image=&#8221;http:\/\/ok100.cz\/wp-content\/uploads\/2023\/09\/1965-DSC08256-16bit-AdobeRGB-3-scaled.jpg&#8221; parallax=&#8221;on&#8221; min_height=&#8221;500px&#8221; global_colors_info=&#8221;{}&#8221;][et_pb_row _builder_version=&#8221;4.22.1&#8243; _module_preset=&#8221;default&#8221; custom_padding=&#8221;74px|||||&#8221; global_colors_info=&#8221;{}&#8221;][et_pb_column type=&#8221;4_4&#8243; _builder_version=&#8221;4.22.1&#8243; _module_preset=&#8221;default&#8221; global_colors_info=&#8221;{}&#8221;][et_pb_text _builder_version=&#8221;4.22.1&#8243; _module_preset=&#8221;default&#8221; text_font=&#8221;|800|||||||&#8221; text_text_color=&#8221;#FFFFFF&#8221; text_font_size=&#8221;33px&#8221; text_orientation=&#8221;center&#8221; text_letter_spacing_phone=&#8221;0px&#8221; text_letter_spacing_last_edited=&#8221;off|phone&#8221; text_line_height_tablet=&#8221;&#8221; text_line_height_phone=&#8221;1.1em&#8221; text_line_height_last_edited=&#8221;on|phone&#8221; text_text_shadow_style=&#8221;preset3&#8243; global_colors_info=&#8221;{}&#8221;]<\/p>\n<p>PO\u010cET P\u0158EPRAVEN\u00ddCH CESTUJ\u00cdC\u00cdCH<\/p>\n<p>[\/et_pb_text][\/et_pb_column][\/et_pb_row][et_pb_row column_structure=&#8221;1_2,1_2&#8243; _builder_version=&#8221;4.22.1&#8243; _module_preset=&#8221;default&#8221; custom_padding=&#8221;47px|||||&#8221; global_colors_info=&#8221;{}&#8221;][et_pb_column type=&#8221;1_2&#8243; _builder_version=&#8221;4.22.1&#8243; _module_preset=&#8221;default&#8221; global_colors_info=&#8221;{}&#8221;][et_pb_number_counter title=&#8221;V ROCE 1924&#8243; number=&#8221;426&#8243; percent_sign=&#8221;off&#8221; _builder_version=&#8221;4.22.1&#8243; _module_preset=&#8221;default&#8221; title_font=&#8221;|800|||||||&#8221; title_text_color=&#8221;#FFFFFF&#8221; number_font=&#8221;|700|||||||&#8221; number_text_color=&#8221;#FFFFFF&#8221; number_font_size=&#8221;100px&#8221; number_font_size_tablet=&#8221;100px&#8221; number_font_size_phone=&#8221;85px&#8221; number_font_size_last_edited=&#8221;on|phone&#8221; title_text_shadow_style=&#8221;preset3&#8243; number_text_shadow_style=&#8221;preset3&#8243; text_shadow_style=&#8221;preset1&#8243; global_colors_info=&#8221;{}&#8221;][\/et_pb_number_counter][\/et_pb_column][et_pb_column type=&#8221;1_2&#8243; _builder_version=&#8221;4.22.1&#8243; _module_preset=&#8221;default&#8221; global_colors_info=&#8221;{}&#8221;][et_pb_number_counter title=&#8221;V ROCE 2009&#8243; number=&#8221;5620000&#8243; percent_sign=&#8221;off&#8221; _builder_version=&#8221;4.22.1&#8243; _module_preset=&#8221;default&#8221; title_font=&#8221;|800|||||||&#8221; title_text_color=&#8221;#FFFFFF&#8221; number_font=&#8221;|700|||||||&#8221; number_text_color=&#8221;#FFFFFF&#8221; number_font_size=&#8221;100px&#8221; number_font_size_tablet=&#8221;100px&#8221; number_font_size_phone=&#8221;70px&#8221; number_font_size_last_edited=&#8221;on|phone&#8221; title_text_shadow_style=&#8221;preset3&#8243; number_text_shadow_style=&#8221;preset3&#8243; text_shadow_style=&#8221;preset1&#8243; global_colors_info=&#8221;{}&#8221;][\/et_pb_number_counter][\/et_pb_column][\/et_pb_row][\/et_pb_section][et_pb_section fb_built=&#8221;1&#8243; _builder_version=&#8221;4.22.1&#8243; _module_preset=&#8221;default&#8221; background_color=&#8221;#FFFFFF&#8221; custom_padding=&#8221;35px||35px|||&#8221; global_colors_info=&#8221;{}&#8221;][et_pb_row _builder_version=&#8221;4.22.1&#8243; _module_preset=&#8221;default&#8221; global_colors_info=&#8221;{}&#8221;][et_pb_column type=&#8221;4_4&#8243; _builder_version=&#8221;4.22.1&#8243; _module_preset=&#8221;default&#8221; global_colors_info=&#8221;{}&#8221;][et_pb_text _builder_version=&#8221;4.22.1&#8243; _module_preset=&#8221;default&#8221; text_font=&#8221;|700||on|||||&#8221; text_text_color=&#8221;#E02B20&#8243; text_font_size=&#8221;35px&#8221; text_line_height=&#8221;1.4em&#8221; global_colors_info=&#8221;{}&#8221;]<\/p>\n<p>DAL\u0160\u00cd P\u0158IPRAVOVAN\u00c9 PROJEKTY<\/p>\n<p>[\/et_pb_text][\/et_pb_column][\/et_pb_row][et_pb_row column_structure=&#8221;1_2,1_2&#8243; _builder_version=&#8221;4.22.1&#8243; _module_preset=&#8221;default&#8221; global_colors_info=&#8221;{}&#8221;][et_pb_column type=&#8221;1_2&#8243; _builder_version=&#8221;4.22.1&#8243; _module_preset=&#8221;default&#8221; global_colors_info=&#8221;{}&#8221;][et_pb_text _builder_version=&#8221;4.22.1&#8243; _module_preset=&#8221;default&#8221; text_font=&#8221;|700||on|||||&#8221; text_font_size=&#8221;25px&#8221; text_line_height=&#8221;1.4em&#8221; global_colors_info=&#8221;{}&#8221;]<\/p>\n<p>ROZHOVOR S \u010ceslavem Jaro\u0161em<\/p>\n<p>[\/et_pb_text][et_pb_text _builder_version=&#8221;4.22.1&#8243; _module_preset=&#8221;default&#8221; text_text_color=&#8221;#000000&#8243; global_colors_info=&#8221;{}&#8221;]<\/p>\n<p>Poslechn\u011bte si, co v\u0161echno st\u00e1lo za zrodem kolekce uniforem, kter\u00e1 se za\u010dala na palub\u00e1ch \u010cSA objevovat v roce 1991.<\/p>\n<p>[\/et_pb_text][et_pb_text _builder_version=&#8221;4.22.1&#8243; _module_preset=&#8221;default&#8221; text_font=&#8221;|800||on|||||&#8221; text_text_color=&#8221;#FFFFFF&#8221; text_font_size=&#8221;20px&#8221; text_line_height=&#8221;1.4em&#8221; background_color=&#8221;#E02B20&#8243; text_orientation=&#8221;center&#8221; custom_padding=&#8221;7px||7px||true|false&#8221; animation_direction=&#8221;left&#8221; link_option_url=&#8221;https:\/\/youtu.be\/_3-7zEKkrOA?si=NIiBSIs80MYT0uOD&#8221; border_radii=&#8221;on|10px|10px|10px|10px&#8221; global_colors_info=&#8221;{}&#8221;]<\/p>\n<p>VIDEO NA YOUTUBE<\/p>\n<p>[\/et_pb_text][\/et_pb_column][et_pb_column type=&#8221;1_2&#8243; _builder_version=&#8221;4.22.1&#8243; _module_preset=&#8221;default&#8221; global_colors_info=&#8221;{}&#8221;][et_pb_video src=&#8221;https:\/\/youtu.be\/_3-7zEKkrOA?si=NIiBSIs80MYT0uOD&#8221; _builder_version=&#8221;4.22.1&#8243; _module_preset=&#8221;default&#8221; border_radii=&#8221;on|25px|25px|25px|25px&#8221; global_colors_info=&#8221;{}&#8221;][\/et_pb_video][\/et_pb_column][\/et_pb_row][et_pb_row _builder_version=&#8221;4.22.1&#8243; _module_preset=&#8221;default&#8221; global_colors_info=&#8221;{}&#8221;][et_pb_column type=&#8221;4_4&#8243; _builder_version=&#8221;4.22.1&#8243; _module_preset=&#8221;default&#8221; global_colors_info=&#8221;{}&#8221;][et_pb_divider color=&#8221;#bfbfbf&#8221; _builder_version=&#8221;4.22.1&#8243; _module_preset=&#8221;default&#8221; global_colors_info=&#8221;{}&#8221;][\/et_pb_divider][\/et_pb_column][\/et_pb_row][et_pb_row column_structure=&#8221;1_2,1_2&#8243; _builder_version=&#8221;4.22.1&#8243; _module_preset=&#8221;default&#8221; custom_padding=&#8221;||50px|||&#8221; global_colors_info=&#8221;{}&#8221;][et_pb_column type=&#8221;1_2&#8243; _builder_version=&#8221;4.22.1&#8243; _module_preset=&#8221;default&#8221; global_colors_info=&#8221;{}&#8221;][et_pb_text _builder_version=&#8221;4.22.1&#8243; _module_preset=&#8221;default&#8221; text_font=&#8221;|700||on|||||&#8221; text_font_size=&#8221;25px&#8221; text_line_height=&#8221;1.4em&#8221; global_colors_info=&#8221;{}&#8221;]<\/p>\n<p>Dokument o historii \u010cSA<\/p>\n<p>[\/et_pb_text][et_pb_text _builder_version=&#8221;4.22.1&#8243; _module_preset=&#8221;default&#8221; text_text_color=&#8221;#000000&#8243; global_colors_info=&#8221;{}&#8221;]<\/p>\n<p>Co v\u0161echno musela ust\u00e1t 5. nejstar\u0161\u00ed leteck\u00e1 spole\u010dnost od roku 1923, kdo jsou zapomenut\u00ed hrdinov\u00e9 a byl \u010ceskoslovensk\u00e9 aeorlinie skute\u010dn\u011b n\u011bkdy zn\u00e1m\u00e9 ve sv\u011bte? Video mapuj\u00edc\u00ed 100 let turbulentn\u00ed historie bude vyd\u00e1no na Youtube kn\u00e1le flyRosta<\/p>\n<p>[\/et_pb_text][et_pb_text _builder_version=&#8221;4.22.1&#8243; _module_preset=&#8221;default&#8221; text_font=&#8221;|800||on|||||&#8221; text_text_color=&#8221;#FFFFFF&#8221; text_font_size=&#8221;20px&#8221; text_line_height=&#8221;1.4em&#8221; background_color=&#8221;#E02B20&#8243; text_orientation=&#8221;center&#8221; custom_padding=&#8221;7px||7px||true|false&#8221; animation_direction=&#8221;left&#8221; border_radii=&#8221;on|10px|10px|10px|10px&#8221; global_colors_info=&#8221;{}&#8221;]<\/p>\n<p>Video se p\u0159ipravuje<\/p>\n<p>[\/et_pb_text][\/et_pb_column][et_pb_column type=&#8221;1_2&#8243; _builder_version=&#8221;4.22.1&#8243; _module_preset=&#8221;default&#8221; global_colors_info=&#8221;{}&#8221;][et_pb_image src=&#8221;http:\/\/ok100.cz\/wp-content\/uploads\/2023\/10\/CSA-DSC09896-1.jpg&#8221; title_text=&#8221;CSA-DSC09896 (1)&#8221; _builder_version=&#8221;4.22.1&#8243; _module_preset=&#8221;default&#8221; border_radii=&#8221;on|25px|25px|25px|25px&#8221; global_colors_info=&#8221;{}&#8221;][\/et_pb_image][\/et_pb_column][\/et_pb_row][\/et_pb_section][et_pb_section fb_built=&#8221;1&#8243; disabled_on=&#8221;on|on|on&#8221; _builder_version=&#8221;4.22.1&#8243; _module_preset=&#8221;default&#8221; background_color=&#8221;#f7f7f7&#8243; background_image=&#8221;http:\/\/ok100.cz\/wp-content\/uploads\/2023\/09\/DSC0222.jpg&#8221; parallax=&#8221;on&#8221; custom_padding=&#8221;35px||35px|||&#8221; disabled=&#8221;on&#8221; global_colors_info=&#8221;{}&#8221;][et_pb_row column_structure=&#8221;1_3,1_3,1_3&#8243; _builder_version=&#8221;4.22.1&#8243; _module_preset=&#8221;default&#8221; custom_padding=&#8221;200px||200px|||&#8221; global_colors_info=&#8221;{}&#8221;][et_pb_column type=&#8221;1_3&#8243; _builder_version=&#8221;4.22.1&#8243; _module_preset=&#8221;default&#8221; global_colors_info=&#8221;{}&#8221;][et_pb_number_counter title=&#8221;PO\u010cET VYFOCEN\u00ddCH UNIFOREM&#8221; number=&#8221;45&#8243; percent_sign=&#8221;off&#8221; _builder_version=&#8221;4.22.1&#8243; _module_preset=&#8221;default&#8221; title_font=&#8221;|800|||||||&#8221; title_text_color=&#8221;#FFFFFF&#8221; number_font=&#8221;|700|||||||&#8221; number_text_color=&#8221;#FFFFFF&#8221; number_font_size=&#8221;100px&#8221; title_text_shadow_style=&#8221;preset3&#8243; number_text_shadow_style=&#8221;preset3&#8243; text_shadow_style=&#8221;preset1&#8243; global_colors_info=&#8221;{}&#8221;][\/et_pb_number_counter][\/et_pb_column][et_pb_column type=&#8221;1_3&#8243; _builder_version=&#8221;4.22.1&#8243; _module_preset=&#8221;default&#8221; global_colors_info=&#8221;{}&#8221;][et_pb_number_counter title=&#8221;PO\u010cET P\u0158\u00cdB\u011aH\u016e&#8221; number=&#8221;20&#8243; percent_sign=&#8221;off&#8221; _builder_version=&#8221;4.22.1&#8243; _module_preset=&#8221;default&#8221; title_font=&#8221;|800|||||||&#8221; title_text_color=&#8221;#FFFFFF&#8221; number_font=&#8221;|700|||||||&#8221; number_text_color=&#8221;#FFFFFF&#8221; number_font_size=&#8221;100px&#8221; title_text_shadow_style=&#8221;preset3&#8243; number_text_shadow_style=&#8221;preset3&#8243; text_shadow_style=&#8221;preset1&#8243; global_colors_info=&#8221;{}&#8221;][\/et_pb_number_counter][\/et_pb_column][et_pb_column type=&#8221;1_3&#8243; _builder_version=&#8221;4.22.1&#8243; _module_preset=&#8221;default&#8221; global_colors_info=&#8221;{}&#8221;][et_pb_number_counter title=&#8221;PO\u010cET ILUSTRAC\u00cd&#8221; number=&#8221;220&#8243; percent_sign=&#8221;off&#8221; _builder_version=&#8221;4.22.1&#8243; _module_preset=&#8221;default&#8221; title_font=&#8221;|800|||||||&#8221; title_text_color=&#8221;#FFFFFF&#8221; number_font=&#8221;|700|||||||&#8221; number_text_color=&#8221;#FFFFFF&#8221; number_font_size=&#8221;100px&#8221; title_text_shadow_style=&#8221;preset3&#8243; number_text_shadow_style=&#8221;preset3&#8243; text_shadow_style=&#8221;preset1&#8243; global_colors_info=&#8221;{}&#8221;][\/et_pb_number_counter][\/et_pb_column][\/et_pb_row][\/et_pb_section][et_pb_section fb_built=&#8221;1&#8243; _builder_version=&#8221;4.22.1&#8243; _module_preset=&#8221;default&#8221; background_color=&#8221;#f7f7f7&#8243; custom_padding=&#8221;35px||35px|||&#8221; global_colors_info=&#8221;{}&#8221;][et_pb_row _builder_version=&#8221;4.22.1&#8243; _module_preset=&#8221;default&#8221; global_colors_info=&#8221;{}&#8221;][et_pb_column type=&#8221;4_4&#8243; _builder_version=&#8221;4.22.1&#8243; _module_preset=&#8221;default&#8221; global_colors_info=&#8221;{}&#8221;][et_pb_text _builder_version=&#8221;4.22.1&#8243; _module_preset=&#8221;default&#8221; text_font=&#8221;|700||on|||||&#8221; text_font_size=&#8221;25px&#8221; text_line_height=&#8221;1.4em&#8221; text_orientation=&#8221;center&#8221; custom_padding=&#8221;11px|||||&#8221; global_colors_info=&#8221;{}&#8221;]<\/p>\n<p>Partne\u0159i projektu<\/p>\n<p>[\/et_pb_text][\/et_pb_column][\/et_pb_row][et_pb_row column_structure=&#8221;1_3,1_3,1_3&#8243; _builder_version=&#8221;4.22.1&#8243; _module_preset=&#8221;default&#8221; global_colors_info=&#8221;{}&#8221;][et_pb_column type=&#8221;1_3&#8243; _builder_version=&#8221;4.22.1&#8243; _module_preset=&#8221;default&#8221; global_colors_info=&#8221;{}&#8221;][et_pb_image src=&#8221;http:\/\/ok100.cz\/wp-content\/uploads\/2023\/09\/MakeUp-Institute-logo-web.png&#8221; title_text=&#8221;MakeUp-Institute-logo-web&#8221; url=&#8221;https:\/\/makeupinstitute.cz\/&#8221; url_new_window=&#8221;on&#8221; _builder_version=&#8221;4.22.1&#8243; _module_preset=&#8221;default&#8221; global_colors_info=&#8221;{}&#8221;][\/et_pb_image][\/et_pb_column][et_pb_column type=&#8221;1_3&#8243; _builder_version=&#8221;4.22.1&#8243; _module_preset=&#8221;default&#8221; global_colors_info=&#8221;{}&#8221;][et_pb_image src=&#8221;http:\/\/ok100.cz\/wp-content\/uploads\/2023\/09\/SOSCL-logo-2.png&#8221; title_text=&#8221;SOSCL-logo-2&#8243; url=&#8221;http:\/\/www.soscl-ruzyne.cz\/&#8221; url_new_window=&#8221;on&#8221; _builder_version=&#8221;4.22.1&#8243; _module_preset=&#8221;default&#8221; global_colors_info=&#8221;{}&#8221;][\/et_pb_image][\/et_pb_column][et_pb_column type=&#8221;1_3&#8243; _builder_version=&#8221;4.22.1&#8243; _module_preset=&#8221;default&#8221; global_colors_info=&#8221;{}&#8221;][et_pb_image src=&#8221;http:\/\/ok100.cz\/wp-content\/uploads\/2023\/09\/Courtyard-logo-web.png&#8221; title_text=&#8221;Courtyard-logo-web&#8221; url=&#8221;https:\/\/www.courtyardpragueairport.cz\/&#8221; url_new_window=&#8221;on&#8221; _builder_version=&#8221;4.22.1&#8243; _module_preset=&#8221;default&#8221; global_colors_info=&#8221;{}&#8221;][\/et_pb_image][\/et_pb_column][\/et_pb_row][\/et_pb_section]<\/p>\n","protected":false},"excerpt":{"rendered":"<p>Projekt OK100 vznikl jako forma oslavy pr\u00e1ce t\u011bch, kte\u0159\u00ed zna\u010dku \u010cSA po des\u00edtky let poctiv\u011b budovali. P\u0159esto\u017ee sou\u010dasn\u00e1 situace ve kter\u00e9 se spole\u010dnost nach\u00e1z\u00ed, ned\u011bl\u00e1 nikomu z t\u011bch, kte\u0159\u00ed se na p\u0159\u00edprav\u011b pod\u00edleli radost, v\u011b\u0159\u00edme, \u017ee ti, kte\u0159\u00ed zde byli p\u0159ed n\u00e1mi, si zaslou\u017e\u00ed d\u016fstojn\u00e9 p\u0159ipomenut\u00ed toho, co budovali. Celou vzpom\u00ednku p\u0159ipravili v\u00fdhradn\u011b b\u00fdval\u00ed zam\u011bstnanci, [&hellip;]<\/p>\n","protected":false},"author":2,"featured_media":0,"parent":0,"menu_order":0,"comment_status":"closed","ping_status":"closed","template":"","meta":{"_et_pb_use_builder":"on","_et_pb_old_content":"","_et_gb_content_width":"","footnotes":""},"_links":{"self":[{"href":"https:\/\/ok100.cz\/index.php\/wp-json\/wp\/v2\/pages\/290"}],"collection":[{"href":"https:\/\/ok100.cz\/index.php\/wp-json\/wp\/v2\/pages"}],"about":[{"href":"https:\/\/ok100.cz\/index.php\/wp-json\/wp\/v2\/types\/page"}],"author":[{"embeddable":true,"href":"https:\/\/ok100.cz\/index.php\/wp-json\/wp\/v2\/users\/2"}],"replies":[{"embeddable":true,"href":"https:\/\/ok100.cz\/index.php\/wp-json\/wp\/v2\/comments?post=290"}],"version-history":[{"count":147,"href":"https:\/\/ok100.cz\/index.php\/wp-json\/wp\/v2\/pages\/290\/revisions"}],"predecessor-version":[{"id":707,"href":"https:\/\/ok100.cz\/index.php\/wp-json\/wp\/v2\/pages\/290\/revisions\/707"}],"wp:attachment":[{"href":"https:\/\/ok100.cz\/index.php\/wp-json\/wp\/v2\/media?parent=290"}],"curies":[{"name":"wp","href":"https:\/\/api.w.org\/{rel}","templated":true}]}}